{"id":932,"date":"2024-08-28T10:29:53","date_gmt":"2024-08-28T08:29:53","guid":{"rendered":"https:\/\/sambach.art\/agenda\/"},"modified":"2026-03-06T14:35:33","modified_gmt":"2026-03-06T13:35:33","slug":"agenda","status":"publish","type":"page","link":"https:\/\/sambach.art\/ca\/agenda\/","title":{"rendered":"Agenda"},"content":{"rendered":"\t\t<div data-elementor-type=\"wp-page\" data-elementor-id=\"932\" class=\"elementor elementor-932 elementor-127\" data-elementor-post-type=\"page\">\n\t\t\t\t<div class=\"elementor-element elementor-element-41f0f85 e-flex e-con-boxed e-con e-parent\" data-id=\"41f0f85\" data-element_type=\"container\">\n\t\t\t\t\t<div class=\"e-con-inner\">\n\t\t<div class=\"elementor-element elementor-element-383c24d e-con-full e-flex e-con e-child\" data-id=\"383c24d\" data-element_type=\"container\">\n\t\t<div class=\"elementor-element elementor-element-fb3e11a e-con-full e-flex e-con e-child\" data-id=\"fb3e11a\" data-element_type=\"container\">\n\t\t\t\t<div class=\"elementor-element elementor-element-8506bd6 elementor-align-center elementor-widget elementor-widget-breadcrumbs\" data-id=\"8506bd6\" data-element_type=\"widget\" data-widget_type=\"breadcrumbs.default\">\n\t\t\t\t<div class=\"elementor-widget-container\">\n\t\t\t\t\t<p id=\"breadcrumbs\"><span><span><a href=\"https:\/\/sambach.art\/\">Portada<\/a><\/span><\/span><\/p>\t\t\t\t<\/div>\n\t\t\t\t<\/div>\n\t\t\t\t<div class=\"elementor-element elementor-element-796e717 elementor-invisible elementor-widget elementor-widget-heading\" data-id=\"796e717\" data-element_type=\"widget\" data-settings=\"{&quot;_animation&quot;:&quot;fadeIn&quot;}\" data-widget_type=\"heading.default\">\n\t\t\t\t<div class=\"elementor-widget-container\">\n\t\t\t\t\t<h1 class=\"elementor-heading-title elementor-size-default\">Agenda<\/h1>\t\t\t\t<\/div>\n\t\t\t\t<\/div>\n\t\t\t\t<div class=\"elementor-element elementor-element-1f05c53 elementor-invisible elementor-widget elementor-widget-heading\" data-id=\"1f05c53\" data-element_type=\"widget\" data-settings=\"{&quot;_animation&quot;:&quot;fadeIn&quot;,&quot;_animation_delay&quot;:400}\" data-widget_type=\"heading.default\">\n\t\t\t\t<div class=\"elementor-widget-container\">\n\t\t\t\t\t<h2 class=\"elementor-heading-title elementor-size-default\">Aqu\u00ed podr\u00e1s encontrar una agenda detallada de todas nuestras actuaciones. Tanto espect\u00e1culos como talleres. \n<br>Nom\u00e9s esperem veure\u2019t a totes!! <\/h2>\t\t\t\t<\/div>\n\t\t\t\t<\/div>\n\t\t\t\t<\/div>\n\t\t\t\t<\/div>\n\t\t\t\t\t<\/div>\n\t\t\t\t<\/div>\n\t\t<div class=\"elementor-element elementor-element-2696f443 e-flex e-con-boxed e-con e-parent\" data-id=\"2696f443\" data-element_type=\"container\">\n\t\t\t\t\t<div class=\"e-con-inner\">\n\t\t<div class=\"elementor-element elementor-element-11889d7b e-con-full e-flex e-con e-child\" data-id=\"11889d7b\" data-element_type=\"container\" data-settings=\"{&quot;background_background&quot;:&quot;classic&quot;}\">\n\t\t\t\t<div class=\"elementor-element elementor-element-4a70af6 elementor-widget elementor-widget-heading\" data-id=\"4a70af6\" data-element_type=\"widget\" data-widget_type=\"heading.default\">\n\t\t\t\t<div class=\"elementor-widget-container\">\n\t\t\t\t\t<h2 class=\"elementor-heading-title elementor-size-default\">\"A l'altra banda del mar\"<\/h2>\t\t\t\t<\/div>\n\t\t\t\t<\/div>\n\t\t\t\t<\/div>\n\t\t<div class=\"elementor-element elementor-element-88ec955 e-con-full e-flex e-con e-child\" data-id=\"88ec955\" data-element_type=\"container\" data-settings=\"{&quot;background_background&quot;:&quot;classic&quot;}\">\n\t\t\t\t<div class=\"elementor-element elementor-element-db62170 elementor-widget elementor-widget-text-editor\" data-id=\"db62170\" data-element_type=\"widget\" data-widget_type=\"text-editor.default\">\n\t\t\t\t<div class=\"elementor-widget-container\">\n\t\t\t\t\t\t\t\t\t<p>21 Marzo 2026 &#8211; 19h <\/p>\t\t\t\t\t\t\t\t<\/div>\n\t\t\t\t<\/div>\n\t\t\t\t<\/div>\n\t\t<div class=\"elementor-element elementor-element-8d6ab72 e-con-full e-flex e-con e-child\" data-id=\"8d6ab72\" data-element_type=\"container\" data-settings=\"{&quot;background_background&quot;:&quot;classic&quot;}\">\n\t\t\t\t<div class=\"elementor-element elementor-element-1f1436d elementor-widget elementor-widget-text-editor\" data-id=\"1f1436d\" data-element_type=\"widget\" data-widget_type=\"text-editor.default\">\n\t\t\t\t<div class=\"elementor-widget-container\">\n\t\t\t\t\t\t\t\t\t<p>Barcelona<\/p>\t\t\t\t\t\t\t\t<\/div>\n\t\t\t\t<\/div>\n\t\t\t\t<\/div>\n\t\t<div class=\"elementor-element elementor-element-ba8a175 e-con-full e-flex e-con e-child\" data-id=\"ba8a175\" data-element_type=\"container\" data-settings=\"{&quot;background_background&quot;:&quot;classic&quot;}\">\n\t\t\t\t<div class=\"elementor-element elementor-element-9d9c723 elementor-widget elementor-widget-text-editor\" data-id=\"9d9c723\" data-element_type=\"widget\" data-widget_type=\"text-editor.default\">\n\t\t\t\t<div class=\"elementor-widget-container\">\n\t\t\t\t\t\t\t\t\t<p>Lleieltat Santsenca<\/p>\t\t\t\t\t\t\t\t<\/div>\n\t\t\t\t<\/div>\n\t\t\t\t<\/div>\n\t\t<div class=\"elementor-element elementor-element-6d81f5d7 e-con-full e-flex e-con e-child\" data-id=\"6d81f5d7\" data-element_type=\"container\">\n\t\t\t\t<div class=\"elementor-element elementor-element-3b08bb6 elementor-align-justify elementor-widget elementor-widget-button\" data-id=\"3b08bb6\" data-element_type=\"widget\" data-widget_type=\"button.default\">\n\t\t\t\t<div class=\"elementor-widget-container\">\n\t\t\t\t\t\t\t\t\t<div class=\"elementor-button-wrapper\">\n\t\t\t\t\t<a class=\"elementor-button elementor-button-link elementor-size-sm\" href=\"https:\/\/pretix.eu\/lleialtat\/alvoltantdelpiano\/4816208\/\">\n\t\t\t\t\t\t<span class=\"elementor-button-content-wrapper\">\n\t\t\t\t\t\t\t\t\t<span class=\"elementor-button-text\">Entrades<\/span>\n\t\t\t\t\t<\/span>\n\t\t\t\t\t<\/a>\n\t\t\t\t<\/div>\n\t\t\t\t\t\t\t\t<\/div>\n\t\t\t\t<\/div>\n\t\t\t\t<\/div>\n\t\t\t\t\t<\/div>\n\t\t\t\t<\/div>\n\t\t<div class=\"elementor-element elementor-element-cde8d5c e-flex e-con-boxed e-con e-parent\" data-id=\"cde8d5c\" data-element_type=\"container\">\n\t\t\t\t\t<div class=\"e-con-inner\">\n\t\t<div class=\"elementor-element elementor-element-57de09d e-con-full e-flex e-con e-child\" data-id=\"57de09d\" data-element_type=\"container\" data-settings=\"{&quot;background_background&quot;:&quot;classic&quot;}\">\n\t\t\t\t<div class=\"elementor-element elementor-element-7498fbd elementor-widget elementor-widget-heading\" data-id=\"7498fbd\" data-element_type=\"widget\" data-widget_type=\"heading.default\">\n\t\t\t\t<div class=\"elementor-widget-container\">\n\t\t\t\t\t<h2 class=\"elementor-heading-title elementor-size-default\">\"A l'altra banda del mar\"<\/h2>\t\t\t\t<\/div>\n\t\t\t\t<\/div>\n\t\t\t\t<\/div>\n\t\t<div class=\"elementor-element elementor-element-a2049f0 e-con-full e-flex e-con e-child\" data-id=\"a2049f0\" data-element_type=\"container\" data-settings=\"{&quot;background_background&quot;:&quot;classic&quot;}\">\n\t\t\t\t<div class=\"elementor-element elementor-element-ebc1e47 elementor-widget elementor-widget-text-editor\" data-id=\"ebc1e47\" data-element_type=\"widget\" data-widget_type=\"text-editor.default\">\n\t\t\t\t<div class=\"elementor-widget-container\">\n\t\t\t\t\t\t\t\t\t<p>24 Mayo 2026 &#8211; 19:30h<\/p>\t\t\t\t\t\t\t\t<\/div>\n\t\t\t\t<\/div>\n\t\t\t\t<\/div>\n\t\t<div class=\"elementor-element elementor-element-6c265c4 e-con-full e-flex e-con e-child\" data-id=\"6c265c4\" data-element_type=\"container\" data-settings=\"{&quot;background_background&quot;:&quot;classic&quot;}\">\n\t\t\t\t<div class=\"elementor-element elementor-element-8a8bee1 elementor-widget elementor-widget-text-editor\" data-id=\"8a8bee1\" data-element_type=\"widget\" data-widget_type=\"text-editor.default\">\n\t\t\t\t<div class=\"elementor-widget-container\">\n\t\t\t\t\t\t\t\t\t<p>Cambrils<\/p>\t\t\t\t\t\t\t\t<\/div>\n\t\t\t\t<\/div>\n\t\t\t\t<\/div>\n\t\t<div class=\"elementor-element elementor-element-2a5d639 e-con-full e-flex e-con e-child\" data-id=\"2a5d639\" data-element_type=\"container\" data-settings=\"{&quot;background_background&quot;:&quot;classic&quot;}\">\n\t\t\t\t<div class=\"elementor-element elementor-element-8fc63e5 elementor-widget elementor-widget-text-editor\" data-id=\"8fc63e5\" data-element_type=\"widget\" data-widget_type=\"text-editor.default\">\n\t\t\t\t<div class=\"elementor-widget-container\">\n\t\t\t\t\t\t\t\t\t<p>Jazz Cambrils<\/p>\t\t\t\t\t\t\t\t<\/div>\n\t\t\t\t<\/div>\n\t\t\t\t<\/div>\n\t\t<div class=\"elementor-element elementor-element-625f438 e-con-full e-flex e-con e-child\" data-id=\"625f438\" data-element_type=\"container\">\n\t\t\t\t<div class=\"elementor-element elementor-element-6db20d0 elementor-align-justify elementor-widget elementor-widget-button\" data-id=\"6db20d0\" data-element_type=\"widget\" data-widget_type=\"button.default\">\n\t\t\t\t<div class=\"elementor-widget-container\">\n\t\t\t\t\t\t\t\t\t<div class=\"elementor-button-wrapper\">\n\t\t\t\t\t<a class=\"elementor-button elementor-button-link elementor-size-sm\" href=\"https:\/\/jazzcambrils.wordpress.com\/\">\n\t\t\t\t\t\t<span class=\"elementor-button-content-wrapper\">\n\t\t\t\t\t\t\t\t\t<span class=\"elementor-button-text\">Entrades<\/span>\n\t\t\t\t\t<\/span>\n\t\t\t\t\t<\/a>\n\t\t\t\t<\/div>\n\t\t\t\t\t\t\t\t<\/div>\n\t\t\t\t<\/div>\n\t\t\t\t<\/div>\n\t\t\t\t\t<\/div>\n\t\t\t\t<\/div>\n\t\t\t\t<\/div>\n\t\t","protected":false},"excerpt":{"rendered":"<p>Agenda Aqu\u00ed podr\u00e1s encontrar una agenda detallada de todas nuestras actuaciones. Tanto espect\u00e1culos como talleres. Nom\u00e9s esperem veure\u2019t a totes!! &#8220;A l&#8217;altra banda del mar&#8221; 21 Marzo 2026 &#8211; 19h Barcelona Lleieltat Santsenca Entrades &#8220;A l&#8217;altra banda del mar&#8221; 24 Mayo 2026 &#8211; 19:30h Cambrils Jazz Cambrils Entrades<\/p>\n","protected":false},"author":1,"featured_media":0,"parent":0,"menu_order":0,"comment_status":"closed","ping_status":"closed","template":"elementor_header_footer","meta":{"footnotes":""},"class_list":["post-932","page","type-page","status-publish","hentry"],"yoast_head":"<!-- This site is optimized with the Yoast SEO plugin v25.9 - https:\/\/yoast.com\/wordpress\/plugins\/seo\/ -->\n<title>Agenda - Sambach<\/title>\n<meta name=\"robots\" content=\"index, follow, max-snippet:-1, max-image-preview:large, max-video-preview:-1\" \/>\n<link rel=\"canonical\" href=\"https:\/\/sambach.art\/ca\/agenda\/\" \/>\n<meta property=\"og:locale\" content=\"ca_ES\" \/>\n<meta property=\"og:type\" content=\"article\" \/>\n<meta property=\"og:title\" content=\"Agenda - Sambach\" \/>\n<meta property=\"og:description\" content=\"Agenda Aqu\u00ed podr\u00e1s encontrar una agenda detallada de todas nuestras actuaciones. Tanto espect\u00e1culos como talleres. Nom\u00e9s esperem veure\u2019t a totes!! &#8220;A l&#8217;altra banda del mar&#8221; 21 Marzo 2026 &#8211; 19h Barcelona Lleieltat Santsenca Entrades &#8220;A l&#8217;altra banda del mar&#8221; 24 Mayo 2026 &#8211; 19:30h Cambrils Jazz Cambrils Entrades\" \/>\n<meta property=\"og:url\" content=\"https:\/\/sambach.art\/ca\/agenda\/\" \/>\n<meta property=\"og:site_name\" content=\"Sambach\" \/>\n<meta property=\"article:publisher\" content=\"https:\/\/www.facebook.com\/sambachritual\/?locale=es_ES\" \/>\n<meta property=\"article:modified_time\" content=\"2026-03-06T13:35:33+00:00\" \/>\n<meta name=\"twitter:card\" content=\"summary_large_image\" \/>\n<script type=\"application\/ld+json\" class=\"yoast-schema-graph\">{\"@context\":\"https:\/\/schema.org\",\"@graph\":[{\"@type\":\"WebPage\",\"@id\":\"https:\/\/sambach.art\/ca\/agenda\/\",\"url\":\"https:\/\/sambach.art\/ca\/agenda\/\",\"name\":\"Agenda - Sambach\",\"isPartOf\":{\"@id\":\"https:\/\/sambach.art\/#website\"},\"datePublished\":\"2024-08-28T08:29:53+00:00\",\"dateModified\":\"2026-03-06T13:35:33+00:00\",\"breadcrumb\":{\"@id\":\"https:\/\/sambach.art\/ca\/agenda\/#breadcrumb\"},\"inLanguage\":\"ca\",\"potentialAction\":[{\"@type\":\"ReadAction\",\"target\":[\"https:\/\/sambach.art\/ca\/agenda\/\"]}]},{\"@type\":\"BreadcrumbList\",\"@id\":\"https:\/\/sambach.art\/ca\/agenda\/#breadcrumb\",\"itemListElement\":[{\"@type\":\"ListItem\",\"position\":1,\"name\":\"Portada\",\"item\":\"https:\/\/sambach.art\/\"},{\"@type\":\"ListItem\",\"position\":2,\"name\":\"Agenda\"}]},{\"@type\":\"WebSite\",\"@id\":\"https:\/\/sambach.art\/#website\",\"url\":\"https:\/\/sambach.art\/\",\"name\":\"Sambach\",\"description\":\"Generamos espect\u00e1culos multisensoriales fusionando el folclore brasilero y Bach\",\"publisher\":{\"@id\":\"https:\/\/sambach.art\/#organization\"},\"potentialAction\":[{\"@type\":\"SearchAction\",\"target\":{\"@type\":\"EntryPoint\",\"urlTemplate\":\"https:\/\/sambach.art\/?s={search_term_string}\"},\"query-input\":{\"@type\":\"PropertyValueSpecification\",\"valueRequired\":true,\"valueName\":\"search_term_string\"}}],\"inLanguage\":\"ca\"},{\"@type\":\"Organization\",\"@id\":\"https:\/\/sambach.art\/#organization\",\"name\":\"Sambach\",\"url\":\"https:\/\/sambach.art\/\",\"logo\":{\"@type\":\"ImageObject\",\"inLanguage\":\"ca\",\"@id\":\"https:\/\/sambach.art\/#\/schema\/logo\/image\/\",\"url\":\"https:\/\/sambach.art\/wp-content\/uploads\/2024\/08\/sambach_compania-espectaculos-conciertos_musica-fusion-folclore-brasileno-bach_barcelona-espana_logo.png\",\"contentUrl\":\"https:\/\/sambach.art\/wp-content\/uploads\/2024\/08\/sambach_compania-espectaculos-conciertos_musica-fusion-folclore-brasileno-bach_barcelona-espana_logo.png\",\"width\":1080,\"height\":1080,\"caption\":\"Sambach\"},\"image\":{\"@id\":\"https:\/\/sambach.art\/#\/schema\/logo\/image\/\"},\"sameAs\":[\"https:\/\/www.facebook.com\/sambachritual\/?locale=es_ES\"]}]}<\/script>\n<!-- \/ Yoast SEO plugin. -->","yoast_head_json":{"title":"Agenda - Sambach","robots":{"index":"index","follow":"follow","max-snippet":"max-snippet:-1","max-image-preview":"max-image-preview:large","max-video-preview":"max-video-preview:-1"},"canonical":"https:\/\/sambach.art\/ca\/agenda\/","og_locale":"ca_ES","og_type":"article","og_title":"Agenda - Sambach","og_description":"Agenda Aqu\u00ed podr\u00e1s encontrar una agenda detallada de todas nuestras actuaciones. Tanto espect\u00e1culos como talleres. Nom\u00e9s esperem veure\u2019t a totes!! &#8220;A l&#8217;altra banda del mar&#8221; 21 Marzo 2026 &#8211; 19h Barcelona Lleieltat Santsenca Entrades &#8220;A l&#8217;altra banda del mar&#8221; 24 Mayo 2026 &#8211; 19:30h Cambrils Jazz Cambrils Entrades","og_url":"https:\/\/sambach.art\/ca\/agenda\/","og_site_name":"Sambach","article_publisher":"https:\/\/www.facebook.com\/sambachritual\/?locale=es_ES","article_modified_time":"2026-03-06T13:35:33+00:00","twitter_card":"summary_large_image","schema":{"@context":"https:\/\/schema.org","@graph":[{"@type":"WebPage","@id":"https:\/\/sambach.art\/ca\/agenda\/","url":"https:\/\/sambach.art\/ca\/agenda\/","name":"Agenda - Sambach","isPartOf":{"@id":"https:\/\/sambach.art\/#website"},"datePublished":"2024-08-28T08:29:53+00:00","dateModified":"2026-03-06T13:35:33+00:00","breadcrumb":{"@id":"https:\/\/sambach.art\/ca\/agenda\/#breadcrumb"},"inLanguage":"ca","potentialAction":[{"@type":"ReadAction","target":["https:\/\/sambach.art\/ca\/agenda\/"]}]},{"@type":"BreadcrumbList","@id":"https:\/\/sambach.art\/ca\/agenda\/#breadcrumb","itemListElement":[{"@type":"ListItem","position":1,"name":"Portada","item":"https:\/\/sambach.art\/"},{"@type":"ListItem","position":2,"name":"Agenda"}]},{"@type":"WebSite","@id":"https:\/\/sambach.art\/#website","url":"https:\/\/sambach.art\/","name":"Sambach","description":"Generamos espect\u00e1culos multisensoriales fusionando el folclore brasilero y Bach","publisher":{"@id":"https:\/\/sambach.art\/#organization"},"potentialAction":[{"@type":"SearchAction","target":{"@type":"EntryPoint","urlTemplate":"https:\/\/sambach.art\/?s={search_term_string}"},"query-input":{"@type":"PropertyValueSpecification","valueRequired":true,"valueName":"search_term_string"}}],"inLanguage":"ca"},{"@type":"Organization","@id":"https:\/\/sambach.art\/#organization","name":"Sambach","url":"https:\/\/sambach.art\/","logo":{"@type":"ImageObject","inLanguage":"ca","@id":"https:\/\/sambach.art\/#\/schema\/logo\/image\/","url":"https:\/\/sambach.art\/wp-content\/uploads\/2024\/08\/sambach_compania-espectaculos-conciertos_musica-fusion-folclore-brasileno-bach_barcelona-espana_logo.png","contentUrl":"https:\/\/sambach.art\/wp-content\/uploads\/2024\/08\/sambach_compania-espectaculos-conciertos_musica-fusion-folclore-brasileno-bach_barcelona-espana_logo.png","width":1080,"height":1080,"caption":"Sambach"},"image":{"@id":"https:\/\/sambach.art\/#\/schema\/logo\/image\/"},"sameAs":["https:\/\/www.facebook.com\/sambachritual\/?locale=es_ES"]}]}},"_links":{"self":[{"href":"https:\/\/sambach.art\/ca\/wp-json\/wp\/v2\/pages\/932","targetHints":{"allow":["GET"]}}],"collection":[{"href":"https:\/\/sambach.art\/ca\/wp-json\/wp\/v2\/pages"}],"about":[{"href":"https:\/\/sambach.art\/ca\/wp-json\/wp\/v2\/types\/page"}],"author":[{"embeddable":true,"href":"https:\/\/sambach.art\/ca\/wp-json\/wp\/v2\/users\/1"}],"replies":[{"embeddable":true,"href":"https:\/\/sambach.art\/ca\/wp-json\/wp\/v2\/comments?post=932"}],"version-history":[{"count":1,"href":"https:\/\/sambach.art\/ca\/wp-json\/wp\/v2\/pages\/932\/revisions"}],"predecessor-version":[{"id":1756,"href":"https:\/\/sambach.art\/ca\/wp-json\/wp\/v2\/pages\/932\/revisions\/1756"}],"wp:attachment":[{"href":"https:\/\/sambach.art\/ca\/wp-json\/wp\/v2\/media?parent=932"}],"curies":[{"name":"wp","href":"https:\/\/api.w.org\/{rel}","templated":true}]}}