{"id":934,"date":"2024-10-04T02:24:03","date_gmt":"2024-10-04T00:24:03","guid":{"rendered":"https:\/\/sambach.art\/premsa\/"},"modified":"2024-10-18T14:12:17","modified_gmt":"2024-10-18T12:12:17","slug":"premsa","status":"publish","type":"page","link":"https:\/\/sambach.art\/ca\/premsa\/","title":{"rendered":"Premsa"},"content":{"rendered":"\t\t<div data-elementor-type=\"wp-page\" data-elementor-id=\"934\" class=\"elementor elementor-934 elementor-514\" data-elementor-post-type=\"page\">\n\t\t\t\t<div class=\"elementor-element elementor-element-41f0f85 e-flex e-con-boxed e-con e-parent\" data-id=\"41f0f85\" data-element_type=\"container\">\n\t\t\t\t\t<div class=\"e-con-inner\">\n\t\t<div class=\"elementor-element elementor-element-383c24d e-con-full e-flex e-con e-child\" data-id=\"383c24d\" data-element_type=\"container\">\n\t\t<div class=\"elementor-element elementor-element-fb3e11a e-con-full e-flex e-con e-child\" data-id=\"fb3e11a\" data-element_type=\"container\">\n\t\t\t\t<div class=\"elementor-element elementor-element-d9d0a8b elementor-align-center elementor-widget elementor-widget-breadcrumbs\" data-id=\"d9d0a8b\" data-element_type=\"widget\" data-widget_type=\"breadcrumbs.default\">\n\t\t\t\t<div class=\"elementor-widget-container\">\n\t\t\t\t\t<p id=\"breadcrumbs\"><span><span><a href=\"https:\/\/sambach.art\/\">Portada<\/a><\/span><\/span><\/p>\t\t\t\t<\/div>\n\t\t\t\t<\/div>\n\t\t\t\t<div class=\"elementor-element elementor-element-796e717 elementor-invisible elementor-widget elementor-widget-heading\" data-id=\"796e717\" data-element_type=\"widget\" data-settings=\"{&quot;_animation&quot;:&quot;fadeIn&quot;}\" data-widget_type=\"heading.default\">\n\t\t\t\t<div class=\"elementor-widget-container\">\n\t\t\t\t\t<h1 class=\"elementor-heading-title elementor-size-default\">Premsa<\/h1>\t\t\t\t<\/div>\n\t\t\t\t<\/div>\n\t\t\t\t<\/div>\n\t\t\t\t<\/div>\n\t\t\t\t\t<\/div>\n\t\t\t\t<\/div>\n\t\t<div class=\"elementor-element elementor-element-9e06f3a e-flex e-con-boxed e-con e-parent\" data-id=\"9e06f3a\" data-element_type=\"container\">\n\t\t\t\t\t<div class=\"e-con-inner\">\n\t\t<div class=\"elementor-element elementor-element-989a94b e-con-full e-flex e-con e-child\" data-id=\"989a94b\" data-element_type=\"container\">\n\t\t\t\t<div class=\"elementor-element elementor-element-4939191 elementor-widget elementor-widget-heading\" data-id=\"4939191\" data-element_type=\"widget\" data-widget_type=\"heading.default\">\n\t\t\t\t<div class=\"elementor-widget-container\">\n\t\t\t\t\t<h2 class=\"elementor-heading-title elementor-size-default\">Aqu\u00ed trobar\u00e0s totes les nostres aparicions en premsa<\/h2>\t\t\t\t<\/div>\n\t\t\t\t<\/div>\n\t\t<div class=\"elementor-element elementor-element-2b39b51 e-con-full e-flex e-con e-child\" data-id=\"2b39b51\" data-element_type=\"container\">\n\t\t\t\t<div class=\"elementor-element elementor-element-af04b25 elementor-grid-3 elementor-grid-tablet-2 elementor-grid-mobile-1 elementor-posts--thumbnail-top elementor-widget elementor-widget-posts\" data-id=\"af04b25\" data-element_type=\"widget\" data-settings=\"{&quot;classic_masonry&quot;:&quot;yes&quot;,&quot;pagination_type&quot;:&quot;numbers&quot;,&quot;classic_columns&quot;:&quot;3&quot;,&quot;classic_columns_tablet&quot;:&quot;2&quot;,&quot;classic_columns_mobile&quot;:&quot;1&quot;,&quot;classic_row_gap&quot;:{&quot;unit&quot;:&quot;px&quot;,&quot;size&quot;:35,&quot;sizes&quot;:[]},&quot;classic_row_gap_tablet&quot;:{&quot;unit&quot;:&quot;px&quot;,&quot;size&quot;:&quot;&quot;,&quot;sizes&quot;:[]},&quot;classic_row_gap_mobile&quot;:{&quot;unit&quot;:&quot;px&quot;,&quot;size&quot;:&quot;&quot;,&quot;sizes&quot;:[]}}\" data-widget_type=\"posts.classic\">\n\t\t\t\t<div class=\"elementor-widget-container\">\n\t\t\t\t\t\t\t<div class=\"elementor-posts-container elementor-posts elementor-posts--skin-classic elementor-grid\">\n\t\t\t\t<article class=\"elementor-post elementor-grid-item post-1229 post type-post status-publish format-standard has-post-thumbnail hentry category-premsa tag-premsa\">\n\t\t\t\t<a class=\"elementor-post__thumbnail__link\" href=\"https:\/\/sambach.art\/ca\/el-cas-altsasu-puja-a-lescenari-a-torroella\/\" tabindex=\"-1\" >\n\t\t\t<div class=\"elementor-post__thumbnail\"><img fetchpriority=\"high\" decoding=\"async\" width=\"300\" height=\"200\" src=\"https:\/\/sambach.art\/wp-content\/uploads\/2024\/11\/fotonoticia_20200815075939_690-300x200.jpg\" class=\"attachment-medium size-medium wp-image-1235\" alt=\"\" srcset=\"https:\/\/sambach.art\/wp-content\/uploads\/2024\/11\/fotonoticia_20200815075939_690-300x200.jpg 300w, https:\/\/sambach.art\/wp-content\/uploads\/2024\/11\/fotonoticia_20200815075939_690.jpg 690w\" sizes=\"(max-width: 300px) 100vw, 300px\" \/><\/div>\n\t\t<\/a>\n\t\t\t\t<div class=\"elementor-post__text\">\n\t\t\t\t<h3 class=\"elementor-post__title\">\n\t\t\t<a href=\"https:\/\/sambach.art\/ca\/el-cas-altsasu-puja-a-lescenari-a-torroella\/\" >\n\t\t\t\tEl grupo Sambach ofrece este s\u00e1bado su fusi\u00f3n de m\u00fasicas brasile\u00f1as con composiciones de Bach en Jaca\t\t\t<\/a>\n\t\t<\/h3>\n\t\t\t\t<div class=\"elementor-post__meta-data\">\n\t\t\t\t\t<span class=\"elementor-post-date\">\n\t\t\tnovembre 21, 2024\t\t<\/span>\n\t\t\t\t<\/div>\n\t\t\t\t<div class=\"elementor-post__excerpt\">\n\t\t\t<p>El grupo est\u00e1 compuesto por Pol Onyate, que se encarga de la direcci\u00f3n art\u00edstica, piano, teclados, voces y composiciones, Francesc Guzm\u00e1n, viol\u00edn y composiciones, y<\/p>\n\t\t<\/div>\n\t\t\n\t\t<a class=\"elementor-post__read-more\" href=\"https:\/\/sambach.art\/ca\/el-cas-altsasu-puja-a-lescenari-a-torroella\/\" aria-label=\"Read more about El grupo Sambach ofrece este s\u00e1bado su fusi\u00f3n de m\u00fasicas brasile\u00f1as con composiciones de Bach en Jaca\" tabindex=\"-1\" >\n\t\t\tLlegir m\u00e9s \u00bb\t\t<\/a>\n\n\t\t\t\t<\/div>\n\t\t\t\t<\/article>\n\t\t\t\t<article class=\"elementor-post elementor-grid-item post-1204 post type-post status-publish format-standard has-post-thumbnail hentry category-premsa tag-premsa\">\n\t\t\t\t<a class=\"elementor-post__thumbnail__link\" href=\"https:\/\/sambach.art\/ca\/el-cas-altsasu-licita-a-lescenari-torroella\/\" tabindex=\"-1\" >\n\t\t\t<div class=\"elementor-post__thumbnail\"><img decoding=\"async\" width=\"300\" height=\"169\" src=\"https:\/\/sambach.art\/wp-content\/uploads\/2024\/11\/67d754fb-40b3-4b51-85dc-eee8a71367bc_16-9-discover-aspect-ratio_default_0-300x169.webp\" class=\"attachment-medium size-medium wp-image-1213\" alt=\"\" srcset=\"https:\/\/sambach.art\/wp-content\/uploads\/2024\/11\/67d754fb-40b3-4b51-85dc-eee8a71367bc_16-9-discover-aspect-ratio_default_0-300x169.webp 300w, https:\/\/sambach.art\/wp-content\/uploads\/2024\/11\/67d754fb-40b3-4b51-85dc-eee8a71367bc_16-9-discover-aspect-ratio_default_0-1024x576.webp 1024w, https:\/\/sambach.art\/wp-content\/uploads\/2024\/11\/67d754fb-40b3-4b51-85dc-eee8a71367bc_16-9-discover-aspect-ratio_default_0-768x432.webp 768w, https:\/\/sambach.art\/wp-content\/uploads\/2024\/11\/67d754fb-40b3-4b51-85dc-eee8a71367bc_16-9-discover-aspect-ratio_default_0.webp 1200w\" sizes=\"(max-width: 300px) 100vw, 300px\" \/><\/div>\n\t\t<\/a>\n\t\t\t\t<div class=\"elementor-post__text\">\n\t\t\t\t<h3 class=\"elementor-post__title\">\n\t\t\t<a href=\"https:\/\/sambach.art\/ca\/el-cas-altsasu-licita-a-lescenari-torroella\/\" >\n\t\t\t\tEl cas Altsasu puja a l\u2019escenari a Torroella\t\t\t<\/a>\n\t\t<\/h3>\n\t\t\t\t<div class=\"elementor-post__meta-data\">\n\t\t\t\t\t<span class=\"elementor-post-date\">\n\t\t\tnovembre 21, 2024\t\t<\/span>\n\t\t\t\t<\/div>\n\t\t\t\t<div class=\"elementor-post__excerpt\">\n\t\t\t<p>Altsasu, l\u2019espectacle basat en la baralla de bar que va dur vuit joves a la pres\u00f3, ser\u00e0 un dels plats forts de la nova temporada<\/p>\n\t\t<\/div>\n\t\t\n\t\t<a class=\"elementor-post__read-more\" href=\"https:\/\/sambach.art\/ca\/el-cas-altsasu-licita-a-lescenari-torroella\/\" aria-label=\"Read more about El cas Altsasu puja a l\u2019escenari a Torroella\" tabindex=\"-1\" >\n\t\t\tLlegir m\u00e9s \u00bb\t\t<\/a>\n\n\t\t\t\t<\/div>\n\t\t\t\t<\/article>\n\t\t\t\t<article class=\"elementor-post elementor-grid-item post-950 post type-post status-publish format-standard has-post-thumbnail hentry category-entrevista-ca\">\n\t\t\t\t<a class=\"elementor-post__thumbnail__link\" href=\"https:\/\/sambach.art\/ca\/entrevista-a-pol-onate-en-armonia-de-turing-episodio-3-lo-que-la-ia-nos-da-lo-que-la-ia-nos-quita\/\" tabindex=\"-1\" >\n\t\t\t<div class=\"elementor-post__thumbnail\"><img decoding=\"async\" width=\"300\" height=\"163\" src=\"https:\/\/sambach.art\/wp-content\/uploads\/2024\/10\/sambach_compania-espectaculos-conciertos_musica-fusion-folclore-brasileno-bach_barcelona-espana_prensa_armonia-de-turing-300x163.png\" class=\"attachment-medium size-medium wp-image-951\" alt=\"\" srcset=\"https:\/\/sambach.art\/wp-content\/uploads\/2024\/10\/sambach_compania-espectaculos-conciertos_musica-fusion-folclore-brasileno-bach_barcelona-espana_prensa_armonia-de-turing-300x163.png 300w, https:\/\/sambach.art\/wp-content\/uploads\/2024\/10\/sambach_compania-espectaculos-conciertos_musica-fusion-folclore-brasileno-bach_barcelona-espana_prensa_armonia-de-turing-1024x558.png 1024w, https:\/\/sambach.art\/wp-content\/uploads\/2024\/10\/sambach_compania-espectaculos-conciertos_musica-fusion-folclore-brasileno-bach_barcelona-espana_prensa_armonia-de-turing-768x418.png 768w, https:\/\/sambach.art\/wp-content\/uploads\/2024\/10\/sambach_compania-espectaculos-conciertos_musica-fusion-folclore-brasileno-bach_barcelona-espana_prensa_armonia-de-turing-1536x837.png 1536w, https:\/\/sambach.art\/wp-content\/uploads\/2024\/10\/sambach_compania-espectaculos-conciertos_musica-fusion-folclore-brasileno-bach_barcelona-espana_prensa_armonia-de-turing-2048x1115.png 2048w\" sizes=\"(max-width: 300px) 100vw, 300px\" \/><\/div>\n\t\t<\/a>\n\t\t\t\t<div class=\"elementor-post__text\">\n\t\t\t\t<h3 class=\"elementor-post__title\">\n\t\t\t<a href=\"https:\/\/sambach.art\/ca\/entrevista-a-pol-onate-en-armonia-de-turing-episodio-3-lo-que-la-ia-nos-da-lo-que-la-ia-nos-quita\/\" >\n\t\t\t\tEntrevista a Pol O\u00f1ate en ArmonIA de Turing &#8211; Episodio 3. Lo que la IA nos da, lo que la IA nos quita.\t\t\t<\/a>\n\t\t<\/h3>\n\t\t\t\t<div class=\"elementor-post__meta-data\">\n\t\t\t\t\t<span class=\"elementor-post-date\">\n\t\t\toctubre 4, 2024\t\t<\/span>\n\t\t\t\t<\/div>\n\t\t\t\t<div class=\"elementor-post__excerpt\">\n\t\t\t\t\t<\/div>\n\t\t\n\t\t<a class=\"elementor-post__read-more\" href=\"https:\/\/sambach.art\/ca\/entrevista-a-pol-onate-en-armonia-de-turing-episodio-3-lo-que-la-ia-nos-da-lo-que-la-ia-nos-quita\/\" aria-label=\"Read more about Entrevista a Pol O\u00f1ate en ArmonIA de Turing &#8211; Episodio 3. Lo que la IA nos da, lo que la IA nos quita.\" tabindex=\"-1\" >\n\t\t\tLlegir m\u00e9s \u00bb\t\t<\/a>\n\n\t\t\t\t<\/div>\n\t\t\t\t<\/article>\n\t\t\t\t<article class=\"elementor-post elementor-grid-item post-953 post type-post status-publish format-standard has-post-thumbnail hentry category-entrevista-ca category-premsa tag-entrevista-ca\">\n\t\t\t\t<a class=\"elementor-post__thumbnail__link\" href=\"https:\/\/sambach.art\/ca\/entrevista-a-pol-onate-pianista-y-antiguo-becado-por-la-fundacion-sifu\/\" tabindex=\"-1\" >\n\t\t\t<div class=\"elementor-post__thumbnail\"><img loading=\"lazy\" decoding=\"async\" width=\"300\" height=\"167\" src=\"https:\/\/sambach.art\/wp-content\/uploads\/2024\/09\/sambach_compania-espectaculos-conciertos_musica-fusion-folclore-brasileno-bach_barcelona-espana_prensa-3-300x167.jpg\" class=\"attachment-medium size-medium wp-image-939\" alt=\"Captura de imagen de una entrevista a Pol.\" srcset=\"https:\/\/sambach.art\/wp-content\/uploads\/2024\/09\/sambach_compania-espectaculos-conciertos_musica-fusion-folclore-brasileno-bach_barcelona-espana_prensa-3-300x167.jpg 300w, https:\/\/sambach.art\/wp-content\/uploads\/2024\/09\/sambach_compania-espectaculos-conciertos_musica-fusion-folclore-brasileno-bach_barcelona-espana_prensa-3-1024x569.jpg 1024w, https:\/\/sambach.art\/wp-content\/uploads\/2024\/09\/sambach_compania-espectaculos-conciertos_musica-fusion-folclore-brasileno-bach_barcelona-espana_prensa-3-768x427.jpg 768w, https:\/\/sambach.art\/wp-content\/uploads\/2024\/09\/sambach_compania-espectaculos-conciertos_musica-fusion-folclore-brasileno-bach_barcelona-espana_prensa-3.jpg 1511w\" sizes=\"(max-width: 300px) 100vw, 300px\" \/><\/div>\n\t\t<\/a>\n\t\t\t\t<div class=\"elementor-post__text\">\n\t\t\t\t<h3 class=\"elementor-post__title\">\n\t\t\t<a href=\"https:\/\/sambach.art\/ca\/entrevista-a-pol-onate-pianista-y-antiguo-becado-por-la-fundacion-sifu\/\" >\n\t\t\t\tEntrevista a Pol O\u00f1ate, pianista y antiguo becado por la Fundaci\u00f3n SIFU\t\t\t<\/a>\n\t\t<\/h3>\n\t\t\t\t<div class=\"elementor-post__meta-data\">\n\t\t\t\t\t<span class=\"elementor-post-date\">\n\t\t\tsetembre 17, 2024\t\t<\/span>\n\t\t\t\t<\/div>\n\t\t\t\t<div class=\"elementor-post__excerpt\">\n\t\t\t<p>&#8220;Me pregunto qu\u00e9 pasar\u00eda si nos carg\u00e1ramos la palabra discapacidad&#8221; Una sociedad realmente inclusiva es aquella que se esfuerza para que no existan obst\u00e1culos que<\/p>\n\t\t<\/div>\n\t\t\n\t\t<a class=\"elementor-post__read-more\" href=\"https:\/\/sambach.art\/ca\/entrevista-a-pol-onate-pianista-y-antiguo-becado-por-la-fundacion-sifu\/\" aria-label=\"Read more about Entrevista a Pol O\u00f1ate, pianista y antiguo becado por la Fundaci\u00f3n SIFU\" tabindex=\"-1\" >\n\t\t\tLlegir m\u00e9s \u00bb\t\t<\/a>\n\n\t\t\t\t<\/div>\n\t\t\t\t<\/article>\n\t\t\t\t<article class=\"elementor-post elementor-grid-item post-955 post type-post status-publish format-standard has-post-thumbnail hentry category-premsa\">\n\t\t\t\t<a class=\"elementor-post__thumbnail__link\" href=\"https:\/\/sambach.art\/ca\/assaig-general-pol-onate\/\" tabindex=\"-1\" >\n\t\t\t<div class=\"elementor-post__thumbnail\"><img loading=\"lazy\" decoding=\"async\" width=\"300\" height=\"215\" src=\"https:\/\/sambach.art\/wp-content\/uploads\/2024\/09\/sambach_compania-espectaculos-conciertos_musica-fusion-folclore-brasileno-bach_barcelona-espana_prensa-2-300x215.jpg\" class=\"attachment-medium size-medium wp-image-938\" alt=\"Captura de imagen donde, en la parte izquierda vemos un recuadro con una imagen de los integrantes de Sambach en el espect\u00e1culo de Ritmo Sakral saludando al p\u00fablico y en la parte derecha, un texto donde Pol nos dice que quieren acercar la m\u00fasica de Bach al pueblo.\" srcset=\"https:\/\/sambach.art\/wp-content\/uploads\/2024\/09\/sambach_compania-espectaculos-conciertos_musica-fusion-folclore-brasileno-bach_barcelona-espana_prensa-2-300x215.jpg 300w, https:\/\/sambach.art\/wp-content\/uploads\/2024\/09\/sambach_compania-espectaculos-conciertos_musica-fusion-folclore-brasileno-bach_barcelona-espana_prensa-2-1024x733.jpg 1024w, https:\/\/sambach.art\/wp-content\/uploads\/2024\/09\/sambach_compania-espectaculos-conciertos_musica-fusion-folclore-brasileno-bach_barcelona-espana_prensa-2-768x550.jpg 768w, https:\/\/sambach.art\/wp-content\/uploads\/2024\/09\/sambach_compania-espectaculos-conciertos_musica-fusion-folclore-brasileno-bach_barcelona-espana_prensa-2.jpg 1246w\" sizes=\"(max-width: 300px) 100vw, 300px\" \/><\/div>\n\t\t<\/a>\n\t\t\t\t<div class=\"elementor-post__text\">\n\t\t\t\t<h3 class=\"elementor-post__title\">\n\t\t\t<a href=\"https:\/\/sambach.art\/ca\/assaig-general-pol-onate\/\" >\n\t\t\t\tAssaig General Pol O\u00f1ate\t\t\t<\/a>\n\t\t<\/h3>\n\t\t\t\t<div class=\"elementor-post__meta-data\">\n\t\t\t\t\t<span class=\"elementor-post-date\">\n\t\t\tsetembre 17, 2024\t\t<\/span>\n\t\t\t\t<\/div>\n\t\t\t\t<div class=\"elementor-post__excerpt\">\n\t\t\t<p>&#8220;Pol O\u00f1ate: &#8220;Volem apropar la m\u00fasica de Bach al poble&#8221;&#8221;<\/p>\n\t\t<\/div>\n\t\t\n\t\t<a class=\"elementor-post__read-more\" href=\"https:\/\/sambach.art\/ca\/assaig-general-pol-onate\/\" aria-label=\"Read more about Assaig General Pol O\u00f1ate\" tabindex=\"-1\" >\n\t\t\tLlegir m\u00e9s \u00bb\t\t<\/a>\n\n\t\t\t\t<\/div>\n\t\t\t\t<\/article>\n\t\t\t\t<article class=\"elementor-post elementor-grid-item post-957 post type-post status-publish format-standard has-post-thumbnail hentry category-premsa\">\n\t\t\t\t<a class=\"elementor-post__thumbnail__link\" href=\"https:\/\/sambach.art\/ca\/tots-els-matins-del-mon-pol-onate\/\" tabindex=\"-1\" >\n\t\t\t<div class=\"elementor-post__thumbnail\"><img loading=\"lazy\" decoding=\"async\" width=\"300\" height=\"208\" src=\"https:\/\/sambach.art\/wp-content\/uploads\/2024\/09\/sambach_compania-espectaculos-conciertos_musica-fusion-folclore-brasileno-bach_barcelona-espana_prensa-1-300x208.jpg\" class=\"attachment-medium size-medium wp-image-937\" alt=\"Captura de imagen de una entrevista a Pol.\" srcset=\"https:\/\/sambach.art\/wp-content\/uploads\/2024\/09\/sambach_compania-espectaculos-conciertos_musica-fusion-folclore-brasileno-bach_barcelona-espana_prensa-1-300x208.jpg 300w, https:\/\/sambach.art\/wp-content\/uploads\/2024\/09\/sambach_compania-espectaculos-conciertos_musica-fusion-folclore-brasileno-bach_barcelona-espana_prensa-1-1024x708.jpg 1024w, https:\/\/sambach.art\/wp-content\/uploads\/2024\/09\/sambach_compania-espectaculos-conciertos_musica-fusion-folclore-brasileno-bach_barcelona-espana_prensa-1-768x531.jpg 768w, https:\/\/sambach.art\/wp-content\/uploads\/2024\/09\/sambach_compania-espectaculos-conciertos_musica-fusion-folclore-brasileno-bach_barcelona-espana_prensa-1.jpg 1275w\" sizes=\"(max-width: 300px) 100vw, 300px\" \/><\/div>\n\t\t<\/a>\n\t\t\t\t<div class=\"elementor-post__text\">\n\t\t\t\t<h3 class=\"elementor-post__title\">\n\t\t\t<a href=\"https:\/\/sambach.art\/ca\/tots-els-matins-del-mon-pol-onate\/\" >\n\t\t\t\tTots els matins del m\u00f3n Pol O\u00f1ate:\t\t\t<\/a>\n\t\t<\/h3>\n\t\t\t\t<div class=\"elementor-post__meta-data\">\n\t\t\t\t\t<span class=\"elementor-post-date\">\n\t\t\tsetembre 17, 2024\t\t<\/span>\n\t\t\t\t<\/div>\n\t\t\t\t<div class=\"elementor-post__excerpt\">\n\t\t\t<p>&#8220;La milit\u00e0ncia, com a persona amb diversitat funcional, hi \u00e9s d&#8217;una manera constant&#8221;<\/p>\n\t\t<\/div>\n\t\t\n\t\t<a class=\"elementor-post__read-more\" href=\"https:\/\/sambach.art\/ca\/tots-els-matins-del-mon-pol-onate\/\" aria-label=\"Read more about Tots els matins del m\u00f3n Pol O\u00f1ate:\" tabindex=\"-1\" >\n\t\t\tLlegir m\u00e9s \u00bb\t\t<\/a>\n\n\t\t\t\t<\/div>\n\t\t\t\t<\/article>\n\t\t\t\t<\/div>\n\t\t\n\t\t\t\t\t\t<\/div>\n\t\t\t\t<\/div>\n\t\t\t\t<\/div>\n\t\t<div class=\"elementor-element elementor-element-176a675 e-grid e-con-full elementor-hidden-desktop elementor-hidden-tablet elementor-hidden-mobile e-con e-child\" data-id=\"176a675\" data-element_type=\"container\">\n\t\t\t\t<div class=\"elementor-element elementor-element-ccd3656 elementor-position-top elementor-widget elementor-widget-image-box\" data-id=\"ccd3656\" data-element_type=\"widget\" data-widget_type=\"image-box.default\">\n\t\t\t\t<div class=\"elementor-widget-container\">\n\t\t\t\t\t<div class=\"elementor-image-box-wrapper\"><figure class=\"elementor-image-box-img\"><a href=\"https:\/\/www.ccma.cat\/3cat\/pol-onate-la-militancia-com-a-persona-amb-diversitat-funcional-hi-es-duna-manera-constant\/audio\/1182520\/\" tabindex=\"-1\"><img decoding=\"async\" src=\"https:\/\/sambach.art\/wp-content\/uploads\/2024\/09\/sambach_compania-espectaculos-conciertos_musica-fusion-folclore-brasileno-bach_barcelona-espana_prensa-1.jpg\" title=\"sambach_compania-espectaculos-conciertos_musica-fusion-folclore-brasileno-bach_barcelona-espana_prensa-1\" alt=\"Captura de imagen de una entrevista realizada a Pol, que aparece delante de un micr\u00f3fono de radio.\" loading=\"lazy\" \/><\/a><\/figure><div class=\"elementor-image-box-content\"><h3 class=\"elementor-image-box-title\"><a href=\"https:\/\/www.ccma.cat\/3cat\/pol-onate-la-militancia-com-a-persona-amb-diversitat-funcional-hi-es-duna-manera-constant\/audio\/1182520\/\">Tots els matins del m\u00f3n Pol O\u00f1ate:<\/a><\/h3><p class=\"elementor-image-box-description\">\"La milit\u00e0ncia, com a persona amb diversitat funcional, hi \u00e9s d'una manera constant\"<\/p><\/div><\/div>\t\t\t\t<\/div>\n\t\t\t\t<\/div>\n\t\t\t\t<div class=\"elementor-element elementor-element-19fb7d8 elementor-position-top elementor-widget elementor-widget-image-box\" data-id=\"19fb7d8\" data-element_type=\"widget\" data-widget_type=\"image-box.default\">\n\t\t\t\t<div class=\"elementor-widget-container\">\n\t\t\t\t\t<div class=\"elementor-image-box-wrapper\"><figure class=\"elementor-image-box-img\"><a href=\"https:\/\/www.ccma.cat\/3cat\/pol-onate-volem-apropar-la-musica-de-bach-al-poble\/audio\/1187046\/\" tabindex=\"-1\"><img decoding=\"async\" src=\"https:\/\/sambach.art\/wp-content\/uploads\/2024\/09\/sambach_compania-espectaculos-conciertos_musica-fusion-folclore-brasileno-bach_barcelona-espana_prensa-2.jpg\" title=\"sambach_compania-espectaculos-conciertos_musica-fusion-folclore-brasileno-bach_barcelona-espana_prensa-2\" alt=\"Captura de imagen donde, en la parte izquierda vemos un recuadro con una imagen de los integrantes de Sambach en el espect\u00e1culo de Ritmo Sakral saludando al p\u00fablico y en la parte derecha, un texto donde Pol nos dice que quieren acercar la m\u00fasica de Bach al pueblo.\" loading=\"lazy\" \/><\/a><\/figure><div class=\"elementor-image-box-content\"><h3 class=\"elementor-image-box-title\"><a href=\"https:\/\/www.ccma.cat\/3cat\/pol-onate-volem-apropar-la-musica-de-bach-al-poble\/audio\/1187046\/\">Assaig General Pol O\u00f1ate:<\/a><\/h3><p class=\"elementor-image-box-description\">\"Volem apropar la m\u00fasica de Bach al poble\"<\/p><\/div><\/div>\t\t\t\t<\/div>\n\t\t\t\t<\/div>\n\t\t\t\t<div class=\"elementor-element elementor-element-b14ab0c elementor-position-top elementor-widget elementor-widget-image-box\" data-id=\"b14ab0c\" data-element_type=\"widget\" data-widget_type=\"image-box.default\">\n\t\t\t\t<div class=\"elementor-widget-container\">\n\t\t\t\t\t<div class=\"elementor-image-box-wrapper\"><figure class=\"elementor-image-box-img\"><a href=\"https:\/\/www.corresponsables.com\/entrevistas\/pol-onate-gruposifu-pregunto-que-pasaria-si-nos-cargaramos-la-palabra-discapacidad\/\" tabindex=\"-1\"><img decoding=\"async\" src=\"https:\/\/sambach.art\/wp-content\/uploads\/2024\/09\/sambach_compania-espectaculos-conciertos_musica-fusion-folclore-brasileno-bach_barcelona-espana_prensa-3.jpg\" title=\"sambach_compania-espectaculos-conciertos_musica-fusion-folclore-brasileno-bach_barcelona-espana_prensa-3\" alt=\"Captura de imagen de una entrevista a Pol.\" loading=\"lazy\" \/><\/a><\/figure><div class=\"elementor-image-box-content\"><h3 class=\"elementor-image-box-title\"><a href=\"https:\/\/www.corresponsables.com\/entrevistas\/pol-onate-gruposifu-pregunto-que-pasaria-si-nos-cargaramos-la-palabra-discapacidad\/\">Entrevista a Pol O\u00f1ate, pianista y antiguo becado por la Fundaci\u00f3n SIFU.<\/a><\/h3><p class=\"elementor-image-box-description\">\u201cMe pregunto qu\u00e9 pasar\u00eda si nos carg\u00e1ramos la palabra discapacidad\u201d<\/p><\/div><\/div>\t\t\t\t<\/div>\n\t\t\t\t<\/div>\n\t\t\t\t<\/div>\n\t\t\t\t<\/div>\n\t\t\t\t\t<\/div>\n\t\t\t\t<\/div>\n\t\t\t\t<\/div>\n\t\t","protected":false},"excerpt":{"rendered":"<p>Premsa Aqu\u00ed trobar\u00e0s totes les nostres aparicions en premsa Tots els matins del m\u00f3n Pol O\u00f1ate: &#8220;La milit\u00e0ncia, com a persona amb diversitat funcional, hi \u00e9s d&#8217;una manera constant&#8221; Assaig General Pol O\u00f1ate: &#8220;Volem apropar la m\u00fasica de Bach al poble&#8221; Entrevista a Pol O\u00f1ate, pianista y antiguo becado por la Fundaci\u00f3n SIFU. \u201cMe pregunto [&hellip;]<\/p>\n","protected":false},"author":1,"featured_media":0,"parent":0,"menu_order":0,"comment_status":"closed","ping_status":"closed","template":"elementor_header_footer","meta":{"footnotes":""},"class_list":["post-934","page","type-page","status-publish","hentry"],"yoast_head":"<!-- This site is optimized with the Yoast SEO plugin v25.9 - https:\/\/yoast.com\/wordpress\/plugins\/seo\/ -->\n<title>Premsa - Sambach<\/title>\n<meta name=\"robots\" content=\"index, follow, max-snippet:-1, max-image-preview:large, max-video-preview:-1\" \/>\n<link rel=\"canonical\" href=\"https:\/\/sambach.art\/ca\/premsa\/\" \/>\n<meta property=\"og:locale\" content=\"ca_ES\" \/>\n<meta property=\"og:type\" content=\"article\" \/>\n<meta property=\"og:title\" content=\"Premsa - Sambach\" \/>\n<meta property=\"og:description\" content=\"Premsa Aqu\u00ed trobar\u00e0s totes les nostres aparicions en premsa Tots els matins del m\u00f3n Pol O\u00f1ate: &#8220;La milit\u00e0ncia, com a persona amb diversitat funcional, hi \u00e9s d&#8217;una manera constant&#8221; Assaig General Pol O\u00f1ate: &#8220;Volem apropar la m\u00fasica de Bach al poble&#8221; Entrevista a Pol O\u00f1ate, pianista y antiguo becado por la Fundaci\u00f3n SIFU. \u201cMe pregunto [&hellip;]\" \/>\n<meta property=\"og:url\" content=\"https:\/\/sambach.art\/ca\/premsa\/\" \/>\n<meta property=\"og:site_name\" content=\"Sambach\" \/>\n<meta property=\"article:publisher\" content=\"https:\/\/www.facebook.com\/sambachritual\/?locale=es_ES\" \/>\n<meta property=\"article:modified_time\" content=\"2024-10-18T12:12:17+00:00\" \/>\n<meta property=\"og:image\" content=\"https:\/\/sambach.art\/wp-content\/uploads\/2024\/09\/sambach_compania-espectaculos-conciertos_musica-fusion-folclore-brasileno-bach_barcelona-espana_prensa-1.jpg\" \/>\n<meta name=\"twitter:card\" content=\"summary_large_image\" \/>\n<script type=\"application\/ld+json\" class=\"yoast-schema-graph\">{\"@context\":\"https:\/\/schema.org\",\"@graph\":[{\"@type\":\"WebPage\",\"@id\":\"https:\/\/sambach.art\/ca\/premsa\/\",\"url\":\"https:\/\/sambach.art\/ca\/premsa\/\",\"name\":\"Premsa - Sambach\",\"isPartOf\":{\"@id\":\"https:\/\/sambach.art\/#website\"},\"primaryImageOfPage\":{\"@id\":\"https:\/\/sambach.art\/ca\/premsa\/#primaryimage\"},\"image\":{\"@id\":\"https:\/\/sambach.art\/ca\/premsa\/#primaryimage\"},\"thumbnailUrl\":\"https:\/\/sambach.art\/wp-content\/uploads\/2024\/09\/sambach_compania-espectaculos-conciertos_musica-fusion-folclore-brasileno-bach_barcelona-espana_prensa-1.jpg\",\"datePublished\":\"2024-10-04T00:24:03+00:00\",\"dateModified\":\"2024-10-18T12:12:17+00:00\",\"breadcrumb\":{\"@id\":\"https:\/\/sambach.art\/ca\/premsa\/#breadcrumb\"},\"inLanguage\":\"ca\",\"potentialAction\":[{\"@type\":\"ReadAction\",\"target\":[\"https:\/\/sambach.art\/ca\/premsa\/\"]}]},{\"@type\":\"ImageObject\",\"inLanguage\":\"ca\",\"@id\":\"https:\/\/sambach.art\/ca\/premsa\/#primaryimage\",\"url\":\"https:\/\/sambach.art\/wp-content\/uploads\/2024\/09\/sambach_compania-espectaculos-conciertos_musica-fusion-folclore-brasileno-bach_barcelona-espana_prensa-1.jpg\",\"contentUrl\":\"https:\/\/sambach.art\/wp-content\/uploads\/2024\/09\/sambach_compania-espectaculos-conciertos_musica-fusion-folclore-brasileno-bach_barcelona-espana_prensa-1.jpg\"},{\"@type\":\"BreadcrumbList\",\"@id\":\"https:\/\/sambach.art\/ca\/premsa\/#breadcrumb\",\"itemListElement\":[{\"@type\":\"ListItem\",\"position\":1,\"name\":\"Portada\",\"item\":\"https:\/\/sambach.art\/\"},{\"@type\":\"ListItem\",\"position\":2,\"name\":\"Premsa\"}]},{\"@type\":\"WebSite\",\"@id\":\"https:\/\/sambach.art\/#website\",\"url\":\"https:\/\/sambach.art\/\",\"name\":\"Sambach\",\"description\":\"Generamos espect\u00e1culos multisensoriales fusionando el folclore brasilero y Bach\",\"publisher\":{\"@id\":\"https:\/\/sambach.art\/#organization\"},\"potentialAction\":[{\"@type\":\"SearchAction\",\"target\":{\"@type\":\"EntryPoint\",\"urlTemplate\":\"https:\/\/sambach.art\/?s={search_term_string}\"},\"query-input\":{\"@type\":\"PropertyValueSpecification\",\"valueRequired\":true,\"valueName\":\"search_term_string\"}}],\"inLanguage\":\"ca\"},{\"@type\":\"Organization\",\"@id\":\"https:\/\/sambach.art\/#organization\",\"name\":\"Sambach\",\"url\":\"https:\/\/sambach.art\/\",\"logo\":{\"@type\":\"ImageObject\",\"inLanguage\":\"ca\",\"@id\":\"https:\/\/sambach.art\/#\/schema\/logo\/image\/\",\"url\":\"https:\/\/sambach.art\/wp-content\/uploads\/2024\/08\/sambach_compania-espectaculos-conciertos_musica-fusion-folclore-brasileno-bach_barcelona-espana_logo.png\",\"contentUrl\":\"https:\/\/sambach.art\/wp-content\/uploads\/2024\/08\/sambach_compania-espectaculos-conciertos_musica-fusion-folclore-brasileno-bach_barcelona-espana_logo.png\",\"width\":1080,\"height\":1080,\"caption\":\"Sambach\"},\"image\":{\"@id\":\"https:\/\/sambach.art\/#\/schema\/logo\/image\/\"},\"sameAs\":[\"https:\/\/www.facebook.com\/sambachritual\/?locale=es_ES\"]}]}<\/script>\n<!-- \/ Yoast SEO plugin. -->","yoast_head_json":{"title":"Premsa - Sambach","robots":{"index":"index","follow":"follow","max-snippet":"max-snippet:-1","max-image-preview":"max-image-preview:large","max-video-preview":"max-video-preview:-1"},"canonical":"https:\/\/sambach.art\/ca\/premsa\/","og_locale":"ca_ES","og_type":"article","og_title":"Premsa - Sambach","og_description":"Premsa Aqu\u00ed trobar\u00e0s totes les nostres aparicions en premsa Tots els matins del m\u00f3n Pol O\u00f1ate: &#8220;La milit\u00e0ncia, com a persona amb diversitat funcional, hi \u00e9s d&#8217;una manera constant&#8221; Assaig General Pol O\u00f1ate: &#8220;Volem apropar la m\u00fasica de Bach al poble&#8221; Entrevista a Pol O\u00f1ate, pianista y antiguo becado por la Fundaci\u00f3n SIFU. \u201cMe pregunto [&hellip;]","og_url":"https:\/\/sambach.art\/ca\/premsa\/","og_site_name":"Sambach","article_publisher":"https:\/\/www.facebook.com\/sambachritual\/?locale=es_ES","article_modified_time":"2024-10-18T12:12:17+00:00","og_image":[{"url":"https:\/\/sambach.art\/wp-content\/uploads\/2024\/09\/sambach_compania-espectaculos-conciertos_musica-fusion-folclore-brasileno-bach_barcelona-espana_prensa-1.jpg","type":"","width":"","height":""}],"twitter_card":"summary_large_image","schema":{"@context":"https:\/\/schema.org","@graph":[{"@type":"WebPage","@id":"https:\/\/sambach.art\/ca\/premsa\/","url":"https:\/\/sambach.art\/ca\/premsa\/","name":"Premsa - Sambach","isPartOf":{"@id":"https:\/\/sambach.art\/#website"},"primaryImageOfPage":{"@id":"https:\/\/sambach.art\/ca\/premsa\/#primaryimage"},"image":{"@id":"https:\/\/sambach.art\/ca\/premsa\/#primaryimage"},"thumbnailUrl":"https:\/\/sambach.art\/wp-content\/uploads\/2024\/09\/sambach_compania-espectaculos-conciertos_musica-fusion-folclore-brasileno-bach_barcelona-espana_prensa-1.jpg","datePublished":"2024-10-04T00:24:03+00:00","dateModified":"2024-10-18T12:12:17+00:00","breadcrumb":{"@id":"https:\/\/sambach.art\/ca\/premsa\/#breadcrumb"},"inLanguage":"ca","potentialAction":[{"@type":"ReadAction","target":["https:\/\/sambach.art\/ca\/premsa\/"]}]},{"@type":"ImageObject","inLanguage":"ca","@id":"https:\/\/sambach.art\/ca\/premsa\/#primaryimage","url":"https:\/\/sambach.art\/wp-content\/uploads\/2024\/09\/sambach_compania-espectaculos-conciertos_musica-fusion-folclore-brasileno-bach_barcelona-espana_prensa-1.jpg","contentUrl":"https:\/\/sambach.art\/wp-content\/uploads\/2024\/09\/sambach_compania-espectaculos-conciertos_musica-fusion-folclore-brasileno-bach_barcelona-espana_prensa-1.jpg"},{"@type":"BreadcrumbList","@id":"https:\/\/sambach.art\/ca\/premsa\/#breadcrumb","itemListElement":[{"@type":"ListItem","position":1,"name":"Portada","item":"https:\/\/sambach.art\/"},{"@type":"ListItem","position":2,"name":"Premsa"}]},{"@type":"WebSite","@id":"https:\/\/sambach.art\/#website","url":"https:\/\/sambach.art\/","name":"Sambach","description":"Generamos espect\u00e1culos multisensoriales fusionando el folclore brasilero y Bach","publisher":{"@id":"https:\/\/sambach.art\/#organization"},"potentialAction":[{"@type":"SearchAction","target":{"@type":"EntryPoint","urlTemplate":"https:\/\/sambach.art\/?s={search_term_string}"},"query-input":{"@type":"PropertyValueSpecification","valueRequired":true,"valueName":"search_term_string"}}],"inLanguage":"ca"},{"@type":"Organization","@id":"https:\/\/sambach.art\/#organization","name":"Sambach","url":"https:\/\/sambach.art\/","logo":{"@type":"ImageObject","inLanguage":"ca","@id":"https:\/\/sambach.art\/#\/schema\/logo\/image\/","url":"https:\/\/sambach.art\/wp-content\/uploads\/2024\/08\/sambach_compania-espectaculos-conciertos_musica-fusion-folclore-brasileno-bach_barcelona-espana_logo.png","contentUrl":"https:\/\/sambach.art\/wp-content\/uploads\/2024\/08\/sambach_compania-espectaculos-conciertos_musica-fusion-folclore-brasileno-bach_barcelona-espana_logo.png","width":1080,"height":1080,"caption":"Sambach"},"image":{"@id":"https:\/\/sambach.art\/#\/schema\/logo\/image\/"},"sameAs":["https:\/\/www.facebook.com\/sambachritual\/?locale=es_ES"]}]}},"_links":{"self":[{"href":"https:\/\/sambach.art\/ca\/wp-json\/wp\/v2\/pages\/934","targetHints":{"allow":["GET"]}}],"collection":[{"href":"https:\/\/sambach.art\/ca\/wp-json\/wp\/v2\/pages"}],"about":[{"href":"https:\/\/sambach.art\/ca\/wp-json\/wp\/v2\/types\/page"}],"author":[{"embeddable":true,"href":"https:\/\/sambach.art\/ca\/wp-json\/wp\/v2\/users\/1"}],"replies":[{"embeddable":true,"href":"https:\/\/sambach.art\/ca\/wp-json\/wp\/v2\/comments?post=934"}],"version-history":[{"count":1,"href":"https:\/\/sambach.art\/ca\/wp-json\/wp\/v2\/pages\/934\/revisions"}],"predecessor-version":[{"id":935,"href":"https:\/\/sambach.art\/ca\/wp-json\/wp\/v2\/pages\/934\/revisions\/935"}],"wp:attachment":[{"href":"https:\/\/sambach.art\/ca\/wp-json\/wp\/v2\/media?parent=934"}],"curies":[{"name":"wp","href":"https:\/\/api.w.org\/{rel}","templated":true}]}}