{"id":620,"date":"2024-08-28T08:35:44","date_gmt":"2024-08-28T06:35:44","guid":{"rendered":"https:\/\/sambach.art\/ritmo-sakral\/"},"modified":"2025-07-16T16:20:46","modified_gmt":"2025-07-16T14:20:46","slug":"ritmo-sakral","status":"publish","type":"page","link":"https:\/\/sambach.art\/en\/ritmo-sakral\/","title":{"rendered":"Ritmo Sakral"},"content":{"rendered":"\t\t<div data-elementor-type=\"wp-page\" data-elementor-id=\"620\" class=\"elementor elementor-620 elementor-116\" data-elementor-post-type=\"page\">\n\t\t\t\t<div class=\"elementor-element elementor-element-25a8cae7 e-con-full e-flex e-con e-parent\" data-id=\"25a8cae7\" data-element_type=\"container\">\n\t\t<div class=\"elementor-element elementor-element-1fca85c4 e-con-full e-flex e-con e-child\" data-id=\"1fca85c4\" data-element_type=\"container\" data-settings=\"{&quot;background_background&quot;:&quot;classic&quot;}\">\n\t\t\t\t<\/div>\n\t\t<div class=\"elementor-element elementor-element-1163c694 e-con-full e-flex e-con e-child\" data-id=\"1163c694\" data-element_type=\"container\">\n\t\t\t\t<div class=\"elementor-element elementor-element-37455a3 elementor-invisible elementor-widget elementor-widget-heading\" data-id=\"37455a3\" data-element_type=\"widget\" data-settings=\"{&quot;_animation&quot;:&quot;fadeIn&quot;}\" data-widget_type=\"heading.default\">\n\t\t\t\t<div class=\"elementor-widget-container\">\n\t\t\t\t\t<h1 class=\"elementor-heading-title elementor-size-default\">Ritmo Sakral<\/h1>\t\t\t\t<\/div>\n\t\t\t\t<\/div>\n\t\t\t\t<div class=\"elementor-element elementor-element-3b43db54 elementor-invisible elementor-widget elementor-widget-heading\" data-id=\"3b43db54\" data-element_type=\"widget\" data-settings=\"{&quot;_animation&quot;:&quot;fadeIn&quot;,&quot;_animation_delay&quot;:400}\" data-widget_type=\"heading.default\">\n\t\t\t\t<div class=\"elementor-widget-container\">\n\t\t\t\t\t<h2 class=\"elementor-heading-title elementor-size-default\">Ritmo Sakral is the great format of SAMBACH.\nAn interdisciplinary show where Brazilian folklore and the music of Johann Sebastian Bach converge in a daring and new reading.\n<br><br><br><br><br><\/h2>\t\t\t\t<\/div>\n\t\t\t\t<\/div>\n\t\t\t\t<\/div>\n\t\t\t\t<\/div>\n\t\t<div class=\"elementor-element elementor-element-612cfea e-flex e-con-boxed e-con e-parent\" data-id=\"612cfea\" data-element_type=\"container\">\n\t\t\t\t\t<div class=\"e-con-inner\">\n\t\t\t\t<div class=\"elementor-element elementor-element-a03265b elementor-widget elementor-widget-image\" data-id=\"a03265b\" data-element_type=\"widget\" alt=\"Foto de nuestro espect\u00e1culo de Ritmo Sakral, producido por Sambach, ya vista en la p\u00e1gina de inicio. Es una fotograf\u00eda tomada durante el concierto, todos est\u00e1n cantando en actitud solemne. De izquierda a derecha aparecen Pol, de pie delante de su piano, Arnau agachado en la cola del piano, Claudia, a quien vemos de cintura para arriba pues la tapan el teclado y el piano que tiene enfrente, a su lado est\u00e1 Brandon, con su bajo y cantando con el p\u00ece de micro, m\u00e1s al frente y en el centro del escenario encontramos a Berta, cantando con ambas manos en el micro, m\u00e1s atr\u00e1s vemos a Jordi detr\u00e1s de la bater\u00eda en posici\u00f3n semejante y finalmente, a la derecha, a la altura de Berta, tenemos a Maria cantando con un pie de micro.\" data-widget_type=\"image.default\">\n\t\t\t\t<div class=\"elementor-widget-container\">\n\t\t\t\t\t\t\t\t\t\t\t\t\t\t\t<img fetchpriority=\"high\" decoding=\"async\" width=\"2332\" height=\"1471\" src=\"https:\/\/sambach.art\/wp-content\/uploads\/2024\/08\/sambach_compania-espectaculos-conciertos_musica-fusion-folclore-brasileno-bach_barcelona-espana_ritmo-sacral-1.jpeg\" class=\"attachment-full size-full wp-image-567\" alt=\"Foto desde arriba de todos los m\u00fasicos que forman parte del espect\u00e1culo Ritmo Sakral en plena acci\u00f3n en el escenario. De izquierda a derecha tenemos a Pol tocando el piano, en el fondo, detr\u00e1s del piano, se encuentra Claudia tocando el viol\u00edn, Brandon tocando el bajo, en el centro del escenario tenemos a Berta cantando con su micro enfrente del teclado, detr\u00e1s de Berta encontramos a Jordi tocando la bater\u00eda y, a la derecha, tenemos a Mar\u00eda tocando el saxo.\nEl escenario se encuentra alumbrado con una luz azul tenue, destacando el momento emotivo  de la escena.\" srcset=\"https:\/\/sambach.art\/wp-content\/uploads\/2024\/08\/sambach_compania-espectaculos-conciertos_musica-fusion-folclore-brasileno-bach_barcelona-espana_ritmo-sacral-1.jpeg 2332w, https:\/\/sambach.art\/wp-content\/uploads\/2024\/08\/sambach_compania-espectaculos-conciertos_musica-fusion-folclore-brasileno-bach_barcelona-espana_ritmo-sacral-1-300x189.jpeg 300w, https:\/\/sambach.art\/wp-content\/uploads\/2024\/08\/sambach_compania-espectaculos-conciertos_musica-fusion-folclore-brasileno-bach_barcelona-espana_ritmo-sacral-1-1024x646.jpeg 1024w, https:\/\/sambach.art\/wp-content\/uploads\/2024\/08\/sambach_compania-espectaculos-conciertos_musica-fusion-folclore-brasileno-bach_barcelona-espana_ritmo-sacral-1-768x484.jpeg 768w, https:\/\/sambach.art\/wp-content\/uploads\/2024\/08\/sambach_compania-espectaculos-conciertos_musica-fusion-folclore-brasileno-bach_barcelona-espana_ritmo-sacral-1-1536x969.jpeg 1536w, https:\/\/sambach.art\/wp-content\/uploads\/2024\/08\/sambach_compania-espectaculos-conciertos_musica-fusion-folclore-brasileno-bach_barcelona-espana_ritmo-sacral-1-2048x1292.jpeg 2048w\" sizes=\"(max-width: 2332px) 100vw, 2332px\" \/>\t\t\t\t\t\t\t\t\t\t\t\t\t\t\t<\/div>\n\t\t\t\t<\/div>\n\t\t\t\t\t<\/div>\n\t\t\t\t<\/div>\n\t\t<div class=\"elementor-element elementor-element-1865c1c elementor-hidden-tablet elementor-hidden-mobile e-flex e-con-boxed e-con e-parent\" data-id=\"1865c1c\" data-element_type=\"container\">\n\t\t\t\t\t<div class=\"e-con-inner\">\n\t\t<div class=\"elementor-element elementor-element-ab72225 e-con-full e-flex e-con e-child\" data-id=\"ab72225\" data-element_type=\"container\">\n\t\t\t\t<div class=\"elementor-element elementor-element-cc44c2f elementor-widget elementor-widget-heading\" data-id=\"cc44c2f\" data-element_type=\"widget\" data-widget_type=\"heading.default\">\n\t\t\t\t<div class=\"elementor-widget-container\">\n\t\t\t\t\t<h6 class=\"elementor-heading-title elementor-size-default\">sambach<\/h6>\t\t\t\t<\/div>\n\t\t\t\t<\/div>\n\t\t\t\t<div class=\"elementor-element elementor-element-430c384 elementor-widget elementor-widget-heading\" data-id=\"430c384\" data-element_type=\"widget\" data-widget_type=\"heading.default\">\n\t\t\t\t<div class=\"elementor-widget-container\">\n\t\t\t\t\t<h2 class=\"elementor-heading-title elementor-size-default\">The Experience<\/h2>\t\t\t\t<\/div>\n\t\t\t\t<\/div>\n\t\t\t\t<div class=\"elementor-element elementor-element-418ebc0 elementor-widget__width-initial elementor-widget-mobile__width-inherit elementor-widget elementor-widget-text-editor\" data-id=\"418ebc0\" data-element_type=\"widget\" data-widget_type=\"text-editor.default\">\n\t\t\t\t<div class=\"elementor-widget-container\">\n\t\t\t\t\t\t\t\t\t<p><b>Ritmo Sakral<\/b><span style=\"font-weight: 400;\">, bearing the creative signature of SAMBACH, is much more than a concert.<\/span><\/p><p><span style=\"font-weight: 400;\">Therefore, music is combined with artistic artifacts that engage all five senses.<\/span><\/p><p><span style=\"font-weight: 400;\">Visual projections, live scents, and edible objects are part of what makes <\/span><b>Ritmo Sakral<\/b><span style=\"font-weight: 400;\"> a complete experience that immerses the audience in a unique world beyond reality.<\/span><\/p><p><span style=\"font-weight: 400;\">In the words of Pol O\u00f1ate, creator and director of SAMBACH: \u201cFeeling art through our entire being is a disruptive and effective way to take the audience beyond their comfort zone through beauty.\u201d<\/span><\/p><p><span style=\"font-weight: 400;\">A path that O\u00f1ate knows especially well thanks to his visual impairment.<\/span><\/p>\t\t\t\t\t\t\t\t<\/div>\n\t\t\t\t<\/div>\n\t\t\t\t<\/div>\n\t\t\t\t\t<\/div>\n\t\t\t\t<\/div>\n\t\t<div class=\"elementor-element elementor-element-bc53287 e-flex e-con-boxed e-con e-parent\" data-id=\"bc53287\" data-element_type=\"container\">\n\t\t\t\t\t<div class=\"e-con-inner\">\n\t\t<div class=\"elementor-element elementor-element-e0c57b9 e-con-full e-flex e-con e-child\" data-id=\"e0c57b9\" data-element_type=\"container\">\n\t\t\t\t<div class=\"elementor-element elementor-element-815ed13 elementor-widget elementor-widget-heading\" data-id=\"815ed13\" data-element_type=\"widget\" data-widget_type=\"heading.default\">\n\t\t\t\t<div class=\"elementor-widget-container\">\n\t\t\t\t\t<h2 class=\"elementor-heading-title elementor-size-default\">The Narrative<\/h2>\t\t\t\t<\/div>\n\t\t\t\t<\/div>\n\t\t\t\t<div class=\"elementor-element elementor-element-a7a505b elementor-widget__width-initial elementor-widget-mobile__width-inherit elementor-widget elementor-widget-text-editor\" data-id=\"a7a505b\" data-element_type=\"widget\" data-widget_type=\"text-editor.default\">\n\t\t\t\t<div class=\"elementor-widget-container\">\n\t\t\t\t\t\t\t\t\t<p><span style=\"font-weight: 400;\">There is nothing in history that justifies or accredits the connection between Brazilian folklore and Bach\u2019s music, <\/span><span style=\"font-weight: 400;\">nothing, except that music is made by people.<\/span><\/p><p><span style=\"font-weight: 400;\">Thus, <\/span><b>Ritmo Sakral<\/b><span style=\"font-weight: 400;\"> is a journey back to oneself and to intimate power.<\/span><\/p><p><span style=\"font-weight: 400;\">Led by an actor who acts as a bridge between the band and the audience, the dramaturgy of the show evokes equally valid and transcendent realities for both cultures, such as the ancestral need of belonging to a group, the search for an existence beyond what we can see, or the choice of a life path based on values.<\/span><\/p>\t\t\t\t\t\t\t\t<\/div>\n\t\t\t\t<\/div>\n\t\t\t\t<\/div>\n\t\t\t\t\t<\/div>\n\t\t\t\t<\/div>\n\t\t<div class=\"elementor-element elementor-element-95d40b0 elementor-hidden-desktop e-flex e-con-boxed e-con e-parent\" data-id=\"95d40b0\" data-element_type=\"container\">\n\t\t\t\t\t<div class=\"e-con-inner\">\n\t\t<div class=\"elementor-element elementor-element-dda755a e-con-full e-flex e-con e-child\" data-id=\"dda755a\" data-element_type=\"container\">\n\t\t\t\t<div class=\"elementor-element elementor-element-60a7a05 elementor-widget elementor-widget-heading\" data-id=\"60a7a05\" data-element_type=\"widget\" data-widget_type=\"heading.default\">\n\t\t\t\t<div class=\"elementor-widget-container\">\n\t\t\t\t\t<h2 class=\"elementor-heading-title elementor-size-default\">The Format<\/h2>\t\t\t\t<\/div>\n\t\t\t\t<\/div>\n\t\t\t\t<div class=\"elementor-element elementor-element-6ec9da9 elementor-widget elementor-widget-image\" data-id=\"6ec9da9\" data-element_type=\"widget\" data-widget_type=\"image.default\">\n\t\t\t\t<div class=\"elementor-widget-container\">\n\t\t\t\t\t\t\t\t\t\t\t\t\t\t\t<img decoding=\"async\" src=\"https:\/\/sambach.art\/wp-content\/uploads\/2024\/08\/sambach_compania-espectaculos-conciertos_musica-fusion-folclore-brasileno-bach_barcelona-espana_concierto.jpeg\" title=\"sambach_compania-espectaculos-conciertos_musica-fusion-folclore-brasileno-bach_barcelona-espana_concierto\" alt=\"Foto de nuestro espect\u00e1culo A l\u2019altra banda del mar, en nuestro preestreno en el Gran Teatre del Liceu de Barcelona. Aparecen de izquierda a derecha Pol, tocando el piano vestido con una camisa blanca y su pie de micro al lado y, a la derecha, Carol cantando, va vestida con pantalones negros y camisa rojo burdeos. La luz incide sobre ellos de una manera puntual, pues el fondo es negro y no podemos ver qu\u00e9 tienen detr\u00e1s.\" loading=\"lazy\" \/>\t\t\t\t\t\t\t\t\t\t\t\t\t\t\t<\/div>\n\t\t\t\t<\/div>\n\t\t\t\t<div class=\"elementor-element elementor-element-9b0b104 elementor-widget__width-initial elementor-widget-mobile__width-inherit elementor-widget elementor-widget-text-editor\" data-id=\"9b0b104\" data-element_type=\"widget\" data-widget_type=\"text-editor.default\">\n\t\t\t\t<div class=\"elementor-widget-container\">\n\t\t\t\t\t\t\t\t\t<p><b>Ritmo Sakral <\/b><span style=\"font-weight: 400;\">is presented as a septet: six musicians and one actor who become the masters of ceremonies both onstage and among the audience, guiding them to a new universe.<\/span><\/p><p><span style=\"font-weight: 400;\">Additionally, the production has a large technical team dedicated to providing a high-level experience for the audience.<\/span><\/p><p><span style=\"font-weight: 400;\">With both indoor and outdoor formats and various options for audience seating, <\/span><b>Ritmo Sakral<\/b><span style=\"font-weight: 400;\"> features a live aromatic DJ, with visual projections and subtitles of all the content of the show in the language of your choice. It also has unique partnerships with local producers for drinks during the final part of the show, making each performance unique and unrepeatable, as well as with a gastronomic R&amp;D team for the edible objects. <\/span><\/p><p><b>Ritmo Sakral<\/b><span style=\"font-weight: 400;\"> can be performed, in its theatrical part, in Catalan, Spanish, English, and French.<\/span><\/p>\t\t\t\t\t\t\t\t<\/div>\n\t\t\t\t<\/div>\n\t\t\t\t<div class=\"elementor-element elementor-element-837b15b elementor-widget elementor-widget-button\" data-id=\"837b15b\" data-element_type=\"widget\" data-widget_type=\"button.default\">\n\t\t\t\t<div class=\"elementor-widget-container\">\n\t\t\t\t\t\t\t\t\t<div class=\"elementor-button-wrapper\">\n\t\t\t\t\t<a class=\"elementor-button elementor-button-link elementor-size-sm\" href=\"https:\/\/sambach.art\/en\/contact\/\">\n\t\t\t\t\t\t<span class=\"elementor-button-content-wrapper\">\n\t\t\t\t\t\t\t\t\t<span class=\"elementor-button-text\">Contact<\/span>\n\t\t\t\t\t<\/span>\n\t\t\t\t\t<\/a>\n\t\t\t\t<\/div>\n\t\t\t\t\t\t\t\t<\/div>\n\t\t\t\t<\/div>\n\t\t\t\t<\/div>\n\t\t\t\t\t<\/div>\n\t\t\t\t<\/div>\n\t\t<div class=\"elementor-element elementor-element-b1a21e4 elementor-hidden-tablet elementor-hidden-mobile e-flex e-con-boxed e-con e-parent\" data-id=\"b1a21e4\" data-element_type=\"container\">\n\t\t\t\t\t<div class=\"e-con-inner\">\n\t\t<div class=\"elementor-element elementor-element-3c71570 e-con-full e-flex e-con e-child\" data-id=\"3c71570\" data-element_type=\"container\">\n\t\t\t\t<div class=\"elementor-element elementor-element-a637545 elementor-widget elementor-widget-heading\" data-id=\"a637545\" data-element_type=\"widget\" data-widget_type=\"heading.default\">\n\t\t\t\t<div class=\"elementor-widget-container\">\n\t\t\t\t\t<h2 class=\"elementor-heading-title elementor-size-default\">The Format<\/h2>\t\t\t\t<\/div>\n\t\t\t\t<\/div>\n\t\t\t\t<div class=\"elementor-element elementor-element-883522f elementor-widget__width-initial elementor-widget-mobile__width-inherit elementor-widget elementor-widget-text-editor\" data-id=\"883522f\" data-element_type=\"widget\" data-widget_type=\"text-editor.default\">\n\t\t\t\t<div class=\"elementor-widget-container\">\n\t\t\t\t\t\t\t\t\t<p><b>Ritmo Sakral <\/b><span style=\"font-weight: 400;\">is presented as a septet: six musicians and one actor who become the masters of ceremonies both onstage and among the audience, guiding them to a new universe.<\/span><\/p><p><span style=\"font-weight: 400;\">Additionally, the production has a large technical team dedicated to providing a high-level experience for the audience.<\/span><\/p><p><span style=\"font-weight: 400;\">With both indoor and outdoor formats and various options for audience seating, <\/span><b>Ritmo Sakral<\/b><span style=\"font-weight: 400;\">  features a live aromatic DJ, with visual projections and subtitles of all the content of the show in the language of choice. It also has the collaboration of the prestigious cocktail bar Dr. Stravinsky for the final cocktail of the show, and a team of R&amp;D in gastronomy for the edible objects. <\/span><\/p><p><b>Ritmo Sakral<\/b><span style=\"font-weight: 400;\"> can be performed, in its theatrical part, in Catalan, Spanish, English, and French.<\/span><\/p>\t\t\t\t\t\t\t\t<\/div>\n\t\t\t\t<\/div>\n\t\t\t\t<div class=\"elementor-element elementor-element-0877cfa elementor-widget elementor-widget-button\" data-id=\"0877cfa\" data-element_type=\"widget\" data-widget_type=\"button.default\">\n\t\t\t\t<div class=\"elementor-widget-container\">\n\t\t\t\t\t\t\t\t\t<div class=\"elementor-button-wrapper\">\n\t\t\t\t\t<a class=\"elementor-button elementor-button-link elementor-size-sm\" href=\"https:\/\/sambach.art\/en\/contact\/\">\n\t\t\t\t\t\t<span class=\"elementor-button-content-wrapper\">\n\t\t\t\t\t\t\t\t\t<span class=\"elementor-button-text\">Contact<\/span>\n\t\t\t\t\t<\/span>\n\t\t\t\t\t<\/a>\n\t\t\t\t<\/div>\n\t\t\t\t\t\t\t\t<\/div>\n\t\t\t\t<\/div>\n\t\t\t\t<div class=\"elementor-element elementor-element-819d139 elementor-widget__width-initial elementor-widget-mobile__width-inherit elementor-widget elementor-widget-text-editor\" data-id=\"819d139\" data-element_type=\"widget\" data-widget_type=\"text-editor.default\">\n\t\t\t\t<div class=\"elementor-widget-container\">\n\t\t\t\t\t\t\t\t\t<p><span style=\"text-decoration: underline;\">Photographs courtesy of Lili Bonmat\u00ed.<\/span><\/p>\t\t\t\t\t\t\t\t<\/div>\n\t\t\t\t<\/div>\n\t\t\t\t<\/div>\n\t\t<div class=\"elementor-element elementor-element-e70bdd6 e-con-full e-flex e-con e-child\" data-id=\"e70bdd6\" data-element_type=\"container\" data-settings=\"{&quot;background_background&quot;:&quot;classic&quot;}\">\n\t\t\t\t<\/div>\n\t\t\t\t\t<\/div>\n\t\t\t\t<\/div>\n\t\t<div class=\"elementor-element elementor-element-20fec14 e-flex e-con-boxed e-con e-parent\" data-id=\"20fec14\" data-element_type=\"container\">\n\t\t\t\t\t<div class=\"e-con-inner\">\n\t\t<div class=\"elementor-element elementor-element-d65b9fe e-con-full e-flex e-con e-child\" data-id=\"d65b9fe\" data-element_type=\"container\">\n\t\t\t\t<div class=\"elementor-element elementor-element-18b9af3 elementor-widget elementor-widget-heading\" data-id=\"18b9af3\" data-element_type=\"widget\" data-widget_type=\"heading.default\">\n\t\t\t\t<div class=\"elementor-widget-container\">\n\t\t\t\t\t<h2 class=\"elementor-heading-title elementor-size-default\">Why choose Ritmo Sakral?\n<\/h2>\t\t\t\t<\/div>\n\t\t\t\t<\/div>\n\t\t\t\t<div class=\"elementor-element elementor-element-4a6bea0 elementor-widget__width-initial elementor-widget-mobile__width-inherit elementor-widget elementor-widget-text-editor\" data-id=\"4a6bea0\" data-element_type=\"widget\" data-widget_type=\"text-editor.default\">\n\t\t\t\t<div class=\"elementor-widget-container\">\n\t\t\t\t\t\t\t\t\t<p><b>Ritmo Sakral<\/b><span style=\"font-weight: 400;\"> is a unique, disruptive production of striking power and beauty.<\/span><\/p><p><span style=\"font-weight: 400;\">With an empowering, luminous, and socially engaged message, it is a rite of passage, a holistic and groundbreaking experience that embraces creative transversality, diversity, and the beauty of contrasts.<\/span><\/p><p><span style=\"font-weight: 400;\">A catharsis that opens the door for the audience to an inner transformation, a revealing adventure.<\/span><\/p>\t\t\t\t\t\t\t\t<\/div>\n\t\t\t\t<\/div>\n\t\t<div class=\"elementor-element elementor-element-899096c e-grid e-con-full e-con e-child\" data-id=\"899096c\" data-element_type=\"container\">\n\t\t\t\t<div class=\"elementor-element elementor-element-74d9e1b elementor-cta--skin-classic elementor-animated-content elementor-bg-transform elementor-bg-transform-zoom-in elementor-widget elementor-widget-call-to-action\" data-id=\"74d9e1b\" data-element_type=\"widget\" data-widget_type=\"call-to-action.default\">\n\t\t\t\t<div class=\"elementor-widget-container\">\n\t\t\t\t\t\t\t<div class=\"elementor-cta\">\n\t\t\t\t\t\t\t<div class=\"elementor-cta__content\">\n\t\t\t\t\t\t\t\t\t<div class=\"elementor-content-item elementor-cta__content-item elementor-icon-wrapper elementor-cta__icon elementor-view-default\">\n\t\t\t\t\t\t<div class=\"elementor-icon\">\n\t\t\t\t\t\t\t<svg aria-hidden=\"true\" class=\"e-font-icon-svg e-fas-scroll\" viewBox=\"0 0 640 512\" xmlns=\"http:\/\/www.w3.org\/2000\/svg\"><path d=\"M48 0C21.53 0 0 21.53 0 48v64c0 8.84 7.16 16 16 16h80V48C96 21.53 74.47 0 48 0zm208 412.57V352h288V96c0-52.94-43.06-96-96-96H111.59C121.74 13.41 128 29.92 128 48v368c0 38.87 34.65 69.65 74.75 63.12C234.22 474 256 444.46 256 412.57zM288 384v32c0 52.93-43.06 96-96 96h336c61.86 0 112-50.14 112-112 0-8.84-7.16-16-16-16H288z\"><\/path><\/svg>\t\t\t\t\t\t<\/div>\n\t\t\t\t\t<\/div>\n\t\t\t\t\n\t\t\t\t\t\t\t\t\t<h2 class=\"elementor-cta__title elementor-cta__content-item elementor-content-item\">\n\t\t\t\t\t\tHere is a summary of \u201cRitmo Sakral\u201d:\t\t\t\t\t<\/h2>\n\t\t\t\t\n\t\t\t\t\t\t\t\t\t<div class=\"elementor-cta__description elementor-cta__content-item elementor-content-item\">\n\t\t\t\t\t\t<span><p dir=\"ltr\" style=\"line-height:1.38;margin-top:0pt;margin-bottom:0pt;\"><span style=\"font-size: 10.5pt; font-family: Arial, sans-serif; font-variant-numeric: normal; font-variant-east-asian: normal; font-variant-alternates: normal; vertical-align: baseline;\">WAIT! This show is multisensory. YouTube doesn't give us this option yet, so for now, you'll miss out on aromas, tastes and other experiences.  <\/span><\/p><p dir=\"ltr\" style=\"line-height:1.38;margin-top:0pt;margin-bottom:0pt;\"><span style=\"font-size: 10.5pt; font-family: Arial, sans-serif; font-variant-numeric: normal; font-variant-east-asian: normal; font-variant-alternates: normal; vertical-align: baseline;\">All good things come to those who wait!<\/span><span style=\"letter-spacing: 0px;\"><\/span><\/p><\/span>\t\t\t\t\t<\/div>\n\t\t\t\t\n\t\t\t\t\t\t\t\t\t<div class=\"elementor-cta__button-wrapper elementor-cta__content-item elementor-content-item \">\n\t\t\t\t\t<a class=\"elementor-cta__button elementor-button elementor-size-\" href=\"https:\/\/www.youtube.com\/watch?v=kJF9pz5Oa_o\">\n\t\t\t\t\t\tDiscover\t\t\t\t\t<\/a>\n\t\t\t\t\t<\/div>\n\t\t\t\t\t\t\t<\/div>\n\t\t\t\t\t\t<\/div>\n\t\t\t\t\t\t<\/div>\n\t\t\t\t<\/div>\n\t\t\t\t<div class=\"elementor-element elementor-element-8067c6f elementor-cta--skin-classic elementor-animated-content elementor-bg-transform elementor-bg-transform-zoom-in elementor-widget elementor-widget-call-to-action\" data-id=\"8067c6f\" data-element_type=\"widget\" data-widget_type=\"call-to-action.default\">\n\t\t\t\t<div class=\"elementor-widget-container\">\n\t\t\t\t\t\t\t<div class=\"elementor-cta\">\n\t\t\t\t\t\t\t<div class=\"elementor-cta__content\">\n\t\t\t\t\t\t\t\t\t<div class=\"elementor-content-item elementor-cta__content-item elementor-icon-wrapper elementor-cta__icon elementor-view-default\">\n\t\t\t\t\t\t<div class=\"elementor-icon\">\n\t\t\t\t\t\t\t<svg aria-hidden=\"true\" class=\"e-font-icon-svg e-fas-video\" viewBox=\"0 0 576 512\" xmlns=\"http:\/\/www.w3.org\/2000\/svg\"><path d=\"M336.2 64H47.8C21.4 64 0 85.4 0 111.8v288.4C0 426.6 21.4 448 47.8 448h288.4c26.4 0 47.8-21.4 47.8-47.8V111.8c0-26.4-21.4-47.8-47.8-47.8zm189.4 37.7L416 177.3v157.4l109.6 75.5c21.2 14.6 50.4-.3 50.4-25.8V127.5c0-25.4-29.1-40.4-50.4-25.8z\"><\/path><\/svg>\t\t\t\t\t\t<\/div>\n\t\t\t\t\t<\/div>\n\t\t\t\t\n\t\t\t\t\t\t\t\t\t<h2 class=\"elementor-cta__title elementor-cta__content-item elementor-content-item\">\n\t\t\t\t\t\tTake a look at our teaser\t\t\t\t\t<\/h2>\n\t\t\t\t\n\t\t\t\t\t\t\t\t\t<div class=\"elementor-cta__description elementor-cta__content-item elementor-content-item\">\n\t\t\t\t\t\tSo that you can delve deeper into the universe of Ritmo Sakral.\t\t\t\t\t<\/div>\n\t\t\t\t\n\t\t\t\t\t\t\t\t\t<div class=\"elementor-cta__button-wrapper elementor-cta__content-item elementor-content-item \">\n\t\t\t\t\t<a class=\"elementor-cta__button elementor-button elementor-size-\" href=\"https:\/\/www.youtube.com\/watch?si=cy6kdroNrb4nlqCw&#038;v=1pRbEvoRbvw&#038;feature=youtu.be\">\n\t\t\t\t\t\tWatch Video\t\t\t\t\t<\/a>\n\t\t\t\t\t<\/div>\n\t\t\t\t\t\t\t<\/div>\n\t\t\t\t\t\t<\/div>\n\t\t\t\t\t\t<\/div>\n\t\t\t\t<\/div>\n\t\t\t\t<\/div>\n\t\t\t\t<div class=\"elementor-element elementor-element-857eff6 elementor-align-center elementor-widget elementor-widget-button\" data-id=\"857eff6\" data-element_type=\"widget\" data-widget_type=\"button.default\">\n\t\t\t\t<div class=\"elementor-widget-container\">\n\t\t\t\t\t\t\t\t\t<div class=\"elementor-button-wrapper\">\n\t\t\t\t\t<a class=\"elementor-button elementor-button-link elementor-size-sm\" href=\"https:\/\/drive.google.com\/drive\/folders\/16MIyXuAd3unhTNlRg7kPUrxItA3pjEeS\">\n\t\t\t\t\t\t<span class=\"elementor-button-content-wrapper\">\n\t\t\t\t\t\t\t\t\t<span class=\"elementor-button-text\">View Ritmo Sakral technical information<\/span>\n\t\t\t\t\t<\/span>\n\t\t\t\t\t<\/a>\n\t\t\t\t<\/div>\n\t\t\t\t\t\t\t\t<\/div>\n\t\t\t\t<\/div>\n\t\t\t\t<\/div>\n\t\t\t\t\t<\/div>\n\t\t\t\t<\/div>\n\t\t\t\t<\/div>\n\t\t","protected":false},"excerpt":{"rendered":"<p>Ritmo Sakral Ritmo Sakral is the great format of SAMBACH. An interdisciplinary show where Brazilian folklore and the music of Johann Sebastian Bach converge in a daring and new reading. sambach The Experience Ritmo Sakral, bearing the creative signature of SAMBACH, is much more than a concert. Therefore, music is combined with artistic artifacts that [&hellip;]<\/p>\n","protected":false},"author":1,"featured_media":0,"parent":0,"menu_order":0,"comment_status":"closed","ping_status":"closed","template":"elementor_header_footer","meta":{"footnotes":""},"class_list":["post-620","page","type-page","status-publish","hentry"],"yoast_head":"<!-- This site is optimized with the Yoast SEO plugin v25.9 - https:\/\/yoast.com\/wordpress\/plugins\/seo\/ -->\n<title>Ritmo Sakral - Sambach<\/title>\n<meta name=\"robots\" content=\"index, follow, max-snippet:-1, max-image-preview:large, max-video-preview:-1\" \/>\n<link rel=\"canonical\" href=\"https:\/\/sambach.art\/en\/ritmo-sakral\/\" \/>\n<meta property=\"og:locale\" content=\"en_US\" \/>\n<meta property=\"og:type\" content=\"article\" \/>\n<meta property=\"og:title\" content=\"Ritmo Sakral - Sambach\" \/>\n<meta property=\"og:description\" content=\"Ritmo Sakral Ritmo Sakral is the great format of SAMBACH. An interdisciplinary show where Brazilian folklore and the music of Johann Sebastian Bach converge in a daring and new reading. sambach The Experience Ritmo Sakral, bearing the creative signature of SAMBACH, is much more than a concert. Therefore, music is combined with artistic artifacts that [&hellip;]\" \/>\n<meta property=\"og:url\" content=\"https:\/\/sambach.art\/en\/ritmo-sakral\/\" \/>\n<meta property=\"og:site_name\" content=\"Sambach\" \/>\n<meta property=\"article:publisher\" content=\"https:\/\/www.facebook.com\/sambachritual\/?locale=es_ES\" \/>\n<meta property=\"article:modified_time\" content=\"2025-07-16T14:20:46+00:00\" \/>\n<meta property=\"og:image\" content=\"https:\/\/sambach.art\/wp-content\/uploads\/2024\/08\/sambach_compania-espectaculos-conciertos_musica-fusion-folclore-brasileno-bach_barcelona-espana_ritmo-sacral-1.jpeg\" \/>\n\t<meta property=\"og:image:width\" content=\"2332\" \/>\n\t<meta property=\"og:image:height\" content=\"1471\" \/>\n\t<meta property=\"og:image:type\" content=\"image\/jpeg\" \/>\n<meta name=\"twitter:card\" content=\"summary_large_image\" \/>\n<meta name=\"twitter:label1\" content=\"Est. reading time\" \/>\n\t<meta name=\"twitter:data1\" content=\"4 minutes\" \/>\n<script type=\"application\/ld+json\" class=\"yoast-schema-graph\">{\"@context\":\"https:\/\/schema.org\",\"@graph\":[{\"@type\":\"WebPage\",\"@id\":\"https:\/\/sambach.art\/en\/ritmo-sakral\/\",\"url\":\"https:\/\/sambach.art\/en\/ritmo-sakral\/\",\"name\":\"Ritmo Sakral - Sambach\",\"isPartOf\":{\"@id\":\"https:\/\/sambach.art\/#website\"},\"primaryImageOfPage\":{\"@id\":\"https:\/\/sambach.art\/en\/ritmo-sakral\/#primaryimage\"},\"image\":{\"@id\":\"https:\/\/sambach.art\/en\/ritmo-sakral\/#primaryimage\"},\"thumbnailUrl\":\"https:\/\/sambach.art\/wp-content\/uploads\/2024\/08\/sambach_compania-espectaculos-conciertos_musica-fusion-folclore-brasileno-bach_barcelona-espana_ritmo-sacral-1.jpeg\",\"datePublished\":\"2024-08-28T06:35:44+00:00\",\"dateModified\":\"2025-07-16T14:20:46+00:00\",\"breadcrumb\":{\"@id\":\"https:\/\/sambach.art\/en\/ritmo-sakral\/#breadcrumb\"},\"inLanguage\":\"en-US\",\"potentialAction\":[{\"@type\":\"ReadAction\",\"target\":[\"https:\/\/sambach.art\/en\/ritmo-sakral\/\"]}]},{\"@type\":\"ImageObject\",\"inLanguage\":\"en-US\",\"@id\":\"https:\/\/sambach.art\/en\/ritmo-sakral\/#primaryimage\",\"url\":\"https:\/\/sambach.art\/wp-content\/uploads\/2024\/08\/sambach_compania-espectaculos-conciertos_musica-fusion-folclore-brasileno-bach_barcelona-espana_ritmo-sacral-1.jpeg\",\"contentUrl\":\"https:\/\/sambach.art\/wp-content\/uploads\/2024\/08\/sambach_compania-espectaculos-conciertos_musica-fusion-folclore-brasileno-bach_barcelona-espana_ritmo-sacral-1.jpeg\"},{\"@type\":\"BreadcrumbList\",\"@id\":\"https:\/\/sambach.art\/en\/ritmo-sakral\/#breadcrumb\",\"itemListElement\":[{\"@type\":\"ListItem\",\"position\":1,\"name\":\"Portada\",\"item\":\"https:\/\/sambach.art\/en\/home\/\"},{\"@type\":\"ListItem\",\"position\":2,\"name\":\"Ritmo Sakral\"}]},{\"@type\":\"WebSite\",\"@id\":\"https:\/\/sambach.art\/#website\",\"url\":\"https:\/\/sambach.art\/\",\"name\":\"Sambach\",\"description\":\"Generamos espect\u00e1culos multisensoriales fusionando el folclore brasilero y Bach\",\"publisher\":{\"@id\":\"https:\/\/sambach.art\/#organization\"},\"potentialAction\":[{\"@type\":\"SearchAction\",\"target\":{\"@type\":\"EntryPoint\",\"urlTemplate\":\"https:\/\/sambach.art\/?s={search_term_string}\"},\"query-input\":{\"@type\":\"PropertyValueSpecification\",\"valueRequired\":true,\"valueName\":\"search_term_string\"}}],\"inLanguage\":\"en-US\"},{\"@type\":\"Organization\",\"@id\":\"https:\/\/sambach.art\/#organization\",\"name\":\"Sambach\",\"url\":\"https:\/\/sambach.art\/\",\"logo\":{\"@type\":\"ImageObject\",\"inLanguage\":\"en-US\",\"@id\":\"https:\/\/sambach.art\/#\/schema\/logo\/image\/\",\"url\":\"https:\/\/sambach.art\/wp-content\/uploads\/2024\/08\/sambach_compania-espectaculos-conciertos_musica-fusion-folclore-brasileno-bach_barcelona-espana_logo.png\",\"contentUrl\":\"https:\/\/sambach.art\/wp-content\/uploads\/2024\/08\/sambach_compania-espectaculos-conciertos_musica-fusion-folclore-brasileno-bach_barcelona-espana_logo.png\",\"width\":1080,\"height\":1080,\"caption\":\"Sambach\"},\"image\":{\"@id\":\"https:\/\/sambach.art\/#\/schema\/logo\/image\/\"},\"sameAs\":[\"https:\/\/www.facebook.com\/sambachritual\/?locale=es_ES\"]}]}<\/script>\n<!-- \/ Yoast SEO plugin. -->","yoast_head_json":{"title":"Ritmo Sakral - Sambach","robots":{"index":"index","follow":"follow","max-snippet":"max-snippet:-1","max-image-preview":"max-image-preview:large","max-video-preview":"max-video-preview:-1"},"canonical":"https:\/\/sambach.art\/en\/ritmo-sakral\/","og_locale":"en_US","og_type":"article","og_title":"Ritmo Sakral - Sambach","og_description":"Ritmo Sakral Ritmo Sakral is the great format of SAMBACH. An interdisciplinary show where Brazilian folklore and the music of Johann Sebastian Bach converge in a daring and new reading. sambach The Experience Ritmo Sakral, bearing the creative signature of SAMBACH, is much more than a concert. Therefore, music is combined with artistic artifacts that [&hellip;]","og_url":"https:\/\/sambach.art\/en\/ritmo-sakral\/","og_site_name":"Sambach","article_publisher":"https:\/\/www.facebook.com\/sambachritual\/?locale=es_ES","article_modified_time":"2025-07-16T14:20:46+00:00","og_image":[{"width":2332,"height":1471,"url":"https:\/\/sambach.art\/wp-content\/uploads\/2024\/08\/sambach_compania-espectaculos-conciertos_musica-fusion-folclore-brasileno-bach_barcelona-espana_ritmo-sacral-1.jpeg","type":"image\/jpeg"}],"twitter_card":"summary_large_image","twitter_misc":{"Est. reading time":"4 minutes"},"schema":{"@context":"https:\/\/schema.org","@graph":[{"@type":"WebPage","@id":"https:\/\/sambach.art\/en\/ritmo-sakral\/","url":"https:\/\/sambach.art\/en\/ritmo-sakral\/","name":"Ritmo Sakral - Sambach","isPartOf":{"@id":"https:\/\/sambach.art\/#website"},"primaryImageOfPage":{"@id":"https:\/\/sambach.art\/en\/ritmo-sakral\/#primaryimage"},"image":{"@id":"https:\/\/sambach.art\/en\/ritmo-sakral\/#primaryimage"},"thumbnailUrl":"https:\/\/sambach.art\/wp-content\/uploads\/2024\/08\/sambach_compania-espectaculos-conciertos_musica-fusion-folclore-brasileno-bach_barcelona-espana_ritmo-sacral-1.jpeg","datePublished":"2024-08-28T06:35:44+00:00","dateModified":"2025-07-16T14:20:46+00:00","breadcrumb":{"@id":"https:\/\/sambach.art\/en\/ritmo-sakral\/#breadcrumb"},"inLanguage":"en-US","potentialAction":[{"@type":"ReadAction","target":["https:\/\/sambach.art\/en\/ritmo-sakral\/"]}]},{"@type":"ImageObject","inLanguage":"en-US","@id":"https:\/\/sambach.art\/en\/ritmo-sakral\/#primaryimage","url":"https:\/\/sambach.art\/wp-content\/uploads\/2024\/08\/sambach_compania-espectaculos-conciertos_musica-fusion-folclore-brasileno-bach_barcelona-espana_ritmo-sacral-1.jpeg","contentUrl":"https:\/\/sambach.art\/wp-content\/uploads\/2024\/08\/sambach_compania-espectaculos-conciertos_musica-fusion-folclore-brasileno-bach_barcelona-espana_ritmo-sacral-1.jpeg"},{"@type":"BreadcrumbList","@id":"https:\/\/sambach.art\/en\/ritmo-sakral\/#breadcrumb","itemListElement":[{"@type":"ListItem","position":1,"name":"Portada","item":"https:\/\/sambach.art\/en\/home\/"},{"@type":"ListItem","position":2,"name":"Ritmo Sakral"}]},{"@type":"WebSite","@id":"https:\/\/sambach.art\/#website","url":"https:\/\/sambach.art\/","name":"Sambach","description":"Generamos espect\u00e1culos multisensoriales fusionando el folclore brasilero y Bach","publisher":{"@id":"https:\/\/sambach.art\/#organization"},"potentialAction":[{"@type":"SearchAction","target":{"@type":"EntryPoint","urlTemplate":"https:\/\/sambach.art\/?s={search_term_string}"},"query-input":{"@type":"PropertyValueSpecification","valueRequired":true,"valueName":"search_term_string"}}],"inLanguage":"en-US"},{"@type":"Organization","@id":"https:\/\/sambach.art\/#organization","name":"Sambach","url":"https:\/\/sambach.art\/","logo":{"@type":"ImageObject","inLanguage":"en-US","@id":"https:\/\/sambach.art\/#\/schema\/logo\/image\/","url":"https:\/\/sambach.art\/wp-content\/uploads\/2024\/08\/sambach_compania-espectaculos-conciertos_musica-fusion-folclore-brasileno-bach_barcelona-espana_logo.png","contentUrl":"https:\/\/sambach.art\/wp-content\/uploads\/2024\/08\/sambach_compania-espectaculos-conciertos_musica-fusion-folclore-brasileno-bach_barcelona-espana_logo.png","width":1080,"height":1080,"caption":"Sambach"},"image":{"@id":"https:\/\/sambach.art\/#\/schema\/logo\/image\/"},"sameAs":["https:\/\/www.facebook.com\/sambachritual\/?locale=es_ES"]}]}},"_links":{"self":[{"href":"https:\/\/sambach.art\/en\/wp-json\/wp\/v2\/pages\/620","targetHints":{"allow":["GET"]}}],"collection":[{"href":"https:\/\/sambach.art\/en\/wp-json\/wp\/v2\/pages"}],"about":[{"href":"https:\/\/sambach.art\/en\/wp-json\/wp\/v2\/types\/page"}],"author":[{"embeddable":true,"href":"https:\/\/sambach.art\/en\/wp-json\/wp\/v2\/users\/1"}],"replies":[{"embeddable":true,"href":"https:\/\/sambach.art\/en\/wp-json\/wp\/v2\/comments?post=620"}],"version-history":[{"count":1,"href":"https:\/\/sambach.art\/en\/wp-json\/wp\/v2\/pages\/620\/revisions"}],"predecessor-version":[{"id":1740,"href":"https:\/\/sambach.art\/en\/wp-json\/wp\/v2\/pages\/620\/revisions\/1740"}],"wp:attachment":[{"href":"https:\/\/sambach.art\/en\/wp-json\/wp\/v2\/media?parent=620"}],"curies":[{"name":"wp","href":"https:\/\/api.w.org\/{rel}","templated":true}]}}